{"id":60,"date":"2016-01-15T10:40:04","date_gmt":"2016-01-15T09:40:04","guid":{"rendered":"http:\/\/www.olafrichter.de\/?page_id=60"},"modified":"2025-07-01T11:12:06","modified_gmt":"2025-07-01T09:12:06","slug":"impressum","status":"publish","type":"page","link":"https:\/\/www.olafrichter.de\/?page_id=60","title":{"rendered":"Impressum"},"content":{"rendered":"<p>[et_pb_section fb_built=&#8220;1&#8243; _builder_version=&#8220;4.16&#8243; global_colors_info=&#8220;{}&#8220;][et_pb_row _builder_version=&#8220;4.16&#8243; background_size=&#8220;initial&#8220; background_position=&#8220;top_left&#8220; background_repeat=&#8220;repeat&#8220; global_colors_info=&#8220;{}&#8220;][et_pb_column type=&#8220;4_4&#8243; _builder_version=&#8220;4.16&#8243; custom_padding=&#8220;|||&#8220; global_colors_info=&#8220;{}&#8220; custom_padding__hover=&#8220;|||&#8220;][\/et_pb_column][\/et_pb_row][et_pb_row _builder_version=&#8220;4.16&#8243; background_size=&#8220;initial&#8220; background_position=&#8220;top_left&#8220; background_repeat=&#8220;repeat&#8220; global_colors_info=&#8220;{}&#8220; column_structure=&#8220;1_2,1_2&#8243;][et_pb_column type=&#8220;1_2&#8243; _builder_version=&#8220;4.16&#8243; custom_padding=&#8220;|||&#8220; global_colors_info=&#8220;{}&#8220; custom_padding__hover=&#8220;|||&#8220;][et_pb_image src=&#8220;https:\/\/www.olafrichter.de\/wp-content\/uploads\/2018\/10\/OLaf-Richter-Logo_Bild-mit-Schrift_180918.png&#8220; show_in_lightbox=&#8220;on&#8220; align_tablet=&#8220;center&#8220; align_last_edited=&#8220;on|desktop&#8220; _builder_version=&#8220;4.16&#8243; animation_style=&#8220;fade&#8220; animation_duration=&#8220;500ms&#8220; use_border_color=&#8220;off&#8220; global_colors_info=&#8220;{}&#8220; align_phone=&#8220;center&#8220;][\/et_pb_image][\/et_pb_column][et_pb_column type=&#8220;1_2&#8243; _builder_version=&#8220;4.16&#8243; custom_padding=&#8220;|||&#8220; global_colors_info=&#8220;{}&#8220; custom_padding__hover=&#8220;|||&#8220;][et_pb_text _builder_version=&#8220;4.16&#8243; background_size=&#8220;initial&#8220; background_position=&#8220;top_left&#8220; background_repeat=&#8220;repeat&#8220; use_border_color=&#8220;off&#8220; global_colors_info=&#8220;{}&#8220;]<\/p>\n<p class=\"paragraph_style_5\">\n<p class=\"paragraph_style_5\">Angaben gem\u00e4\u00df \u00a7 5 TMG:<br \/>Verantwortlich f\u00fcr den Inhalt und die Administration<br \/>dieses Internetauftrittes ist:<\/p>\n<p class=\"paragraph_style_5\">Olaf Richter e.K.<br \/>Abbestra\u00dfe 17<br \/>10587 Berlin<\/p>\n<p class=\"paragraph_style_6\">Kontakt<br \/>Telefon: (030) 341 64 73<br \/>Telefax: (030) 341 75 35<\/p>\n<p class=\"paragraph_style_6\"><a href=\"mailto:\">information(at)olafrichter.de<\/a><\/p>\n<p class=\"paragraph_style_6\">Handelsregister beim Amtsgericht Charlottenburg \/ Berlin<\/p>\n<p class=\"paragraph_style_6\">Nr.: HRA 64345 B<\/p>\n<p class=\"paragraph_style_6\">USt-IdNr: DE 136 000 253<\/p>\n<p class=\"paragraph_style_6\">\n<p class=\"paragraph_style_8\">Quellenangaben f\u00fcr die verwendeten Fotos und Grafiken:<\/p>\n<p>Illustrationen<span class=\"style_2\"><br \/><\/span><span class=\"style_3\">Marlene Vogel und Tom Bachtel<\/span><\/p>\n<p class=\"paragraph_style_9\">Fotos<br \/><span class=\"style_3\">Archiv Olaf Richter <\/span><\/p>\n<p class=\"paragraph_style_9\">Webdesign<br \/>Christian R\u00fcger<span class=\"style_3\">\/ Michael Bolien<br \/><\/span><\/p>\n<p>[\/et_pb_text][\/et_pb_column][\/et_pb_row][\/et_pb_section][et_pb_section fb_built=&#8220;1&#8243; _builder_version=&#8220;4.16&#8243; global_colors_info=&#8220;{}&#8220;][et_pb_row _builder_version=&#8220;4.16&#8243; background_size=&#8220;initial&#8220; background_position=&#8220;top_left&#8220; background_repeat=&#8220;repeat&#8220; global_colors_info=&#8220;{}&#8220;][et_pb_column type=&#8220;4_4&#8243; _builder_version=&#8220;4.16&#8243; custom_padding=&#8220;|||&#8220; global_colors_info=&#8220;{}&#8220; custom_padding__hover=&#8220;|||&#8220;][et_pb_text _builder_version=&#8220;4.16&#8243; text_font_size=&#8220;12&#8243; background_size=&#8220;initial&#8220; background_position=&#8220;top_left&#8220; background_repeat=&#8220;repeat&#8220; use_border_color=&#8220;off&#8220; global_colors_info=&#8220;{}&#8220;]<\/p>\n<h4><span style=\"color: #00007e;\">Disclaimer<\/span><\/h4>\n<p><strong>1. Haftungsbeschr\u00e4nkung<\/strong><br \/>\nDie Inhalte dieser Website werden mit gr\u00f6\u00dftm\u00f6glicher Sorgfalt erstellt. Der Anbieter \u00fcbernimmt jedoch keine Gew\u00e4hr f\u00fcr die Richtigkeit, Vollst\u00e4ndigkeit und Aktualit\u00e4t der bereitgestellten Inhalte. Die Nutzung der Inhalte der Website erfolgt auf eigene Gefahr des Nutzers. Namentlich gekennzeichnete Beitr\u00e4ge geben die Meinung des jeweiligen Autors und nicht immer die Meinung des Anbieters wieder. Mit der reinen Nutzung der Website des Anbieters kommt keinerlei Vertragsverh\u00e4ltnis zwischen dem Nutzer und dem Anbieter zustande.<\/p>\n<p><strong>2. Externe Links<\/strong><br \/>\nDiese Website enth\u00e4lt Verkn\u00fcpfungen zu Websites Dritter (&#8222;externe Links&#8220;). Diese Websites unterliegen der Haftung der jeweiligen Betreiber. Der Anbieter hat bei der erstmaligen Verkn\u00fcpfung der externen Links die fremden Inhalte daraufhin \u00fcberpr\u00fcft, ob etwaige Rechtsverst\u00f6\u00dfe bestehen. Zu dem Zeitpunkt waren keine Rechtsverst\u00f6\u00dfe ersichtlich. Der Anbieter hat keinerlei Einfluss auf die aktuelle und zuk\u00fcnftige Gestaltung und auf die Inhalte der verkn\u00fcpften Seiten. Das Setzen von externen Links bedeutet nicht, dass sich der Anbieter die hinter dem Verweis oder Link liegenden Inhalte zu Eigen macht. Eine st\u00e4ndige Kontrolle der externen Links ist f\u00fcr den Anbieter ohne konkrete Hinweise auf Rechtsverst\u00f6\u00dfe nicht zumutbar. Bei Kenntnis von Rechtsverst\u00f6\u00dfen werden jedoch derartige externe Links unverz\u00fcglich gel\u00f6scht.<\/p>\n<p><strong>3. Urheber- und Leistungsschutzrechte<\/strong><br \/>\nDie auf dieser Website ver\u00f6ffentlichten Inhalte unterliegen dem deutschen Urheber- und Leistungsschutzrecht. Jede vom deutschen Urheber- und Leistungsschutzrecht nicht zugelassene Verwertung bedarf der vorherigen schriftlichen Zustimmung des Anbieters oder jeweiligen Rechteinhabers. Dies gilt insbesondere f\u00fcr Vervielf\u00e4ltigung, Bearbeitung, \u00dcbersetzung, Einspeicherung, Verarbeitung bzw. Wiedergabe von Inhalten in Datenbanken oder anderen elektronischen Medien und Systemen. Inhalte und Rechte Dritter sind dabei als solche gekennzeichnet. Die unerlaubte Vervielf\u00e4ltigung oder Weitergabe einzelner Inhalte oder kompletter Seiten ist nicht gestattet und strafbar. Lediglich die Herstellung von Kopien und Downloads f\u00fcr den pers\u00f6nlichen, privaten und nicht kommerziellen Gebrauch ist erlaubt.<br \/>\nDie Darstellung dieser Website in fremden Frames ist nur mit schriftlicher Erlaubnis zul\u00e4ssig.<\/p>\n<p><strong>4. Datenschutz<\/strong><br \/>\nDurch den Besuch der Website des Anbieters k\u00f6nnen Informationen \u00fcber den Zugriff (Datum, Uhrzeit, betrachtete Seite) gespeichert werden. Diese Daten geh\u00f6ren nicht zu den personenbezogenen Daten, sondern sind anonymisiert. Sie werden ausschlie\u00dflich zu statistischen Zwecken ausgewertet. Eine Weitergabe an Dritte, zu kommerziellen oder nichtkommerziellen Zwecken, findet nicht statt.<br \/>\nDer Anbieter weist ausdr\u00fccklich darauf hin, dass die Daten\u00fcbertragung im Internet (z.B. bei der Kommunikation per E-Mail) Sicherheitsl\u00fccken aufweisen und nicht l\u00fcckenlos vor dem Zugriff durch Dritte gesch\u00fctzt werden kann.<br \/>\nDie Verwendung der Kontaktdaten des Impressums zur gewerblichen Werbung ist ausdr\u00fccklich nicht erw\u00fcnscht, es sei denn der Anbieter hatte zuvor seine schriftliche Einwilligung erteilt oder es besteht bereits eine Gesch\u00e4ftsbeziehung. Der Anbieter und alle auf dieser Website genannten Personen widersprechen hiermit jeder kommerziellen Verwendung und Weitergabe ihrer Daten.<\/p>\n<p><strong>Personenbezogene Daten<\/strong><br \/>\nSie k\u00f6nnen unsere Webseite ohne Angabe personenbezogener Daten besuchen. Soweit auf unseren Seiten personenbezogene Daten (bspw. wie Name und E-Mail Adresse \u00fcber die Nutzung des Kontaktformulars) erhoben werden, erfolgt dies, soweit m\u00f6glich, auf freiwilliger Basis. Diese Daten werden ohne Ihre ausdr\u00fcckliche Zustimmung nicht an Dritte weitergegeben. Sofern zwischen Ihnen und uns ein Vertragsverh\u00e4ltnis begr\u00fcndet, inhaltlich ausgestaltet oder ge\u00e4ndert werden soll oder Sie an uns eine Anfrage stellen, erheben und verwenden wir personenbezogene Daten von Ihnen, soweit dies zu diesen Zwecken erforderlich ist (Bestandsdaten). Wir erheben, verarbeiten und nutzen personenbezogene Daten soweit dies erforderlich ist, um Ihnen die Inanspruchnahme des Webangebots zu erm\u00f6glichen (Nutzungsdaten). S\u00e4mtliche personenbezogenen Daten werden nur solange gespeichert wie dies f\u00fcr den genannten Zweck (bspw. Bearbeitung Ihrer Anfrage) erforderlich ist. Hierbei werden steuer- und handelsrechtliche Aufbewahrungsfristen ber\u00fccksichtigt. Auf Anordnung der zust\u00e4ndigen Stellen d\u00fcrfen wir im Einzelfall Auskunft \u00fcber diese Daten (Bestandsdaten) erteilen, soweit dies f\u00fcr Zwecke der Strafverfolgung, zur Gefahrenabwehr, zur Erf\u00fcllung der gesetzlichen Aufgaben der Verfassungsschutzbeh\u00f6rden oder des Milit\u00e4rischen Abschirmdienstes oder zur Durchsetzung der Rechte am geistigen Eigentum erforderlich ist.<\/p>\n<div class=\"auswahl auswahl3\"><strong>Datenschutzerkl\u00e4rung f\u00fcr den Webanalysedienst Google Analytics<\/strong><br \/>\nDiese Website benutzt Google Analytics, einen Webanalysedienst der Google Inc. (&#8222;Google&#8220;). Google Analytics verwendet sog. &#8222;Cookies&#8220;, Textdateien, die auf Ihrem Computer gespeichert werden und die eine Analyse der Benutzung der Website durch Sie erm\u00f6glichen. Die durch den Cookie erzeugten Informationen \u00fcber Ihre Benutzung dieser Website werden in der Regel an einen Server von Google in den USA \u00fcbertragen und dort gespeichert. Wir haben die IP-Anonymisierung aktiviert. Auf dieser Webseite wird Ihre IP-Adresse von Google daher innerhalb von Mitgliedstaaten der Europ\u00e4ischen Union oder in anderen Vertragsstaaten des Abkommens \u00fcber den Europ\u00e4ischen Wirtschaftsraum zuvor gek\u00fcrzt. Nur in Ausnahmef\u00e4llen wird die volle IP-Adresse an einen Server von Google in den USA \u00fcbertragen und dort gek\u00fcrzt. Im Auftrag des Betreibers dieser Website wird Google diese Informationen benutzen, um Ihre Nutzung der Website auszuwerten, um Reports \u00fcber die Websiteaktivit\u00e4ten zusammenzustellen und um weitere mit der Websitenutzung und der Internetnutzung verbundene Dienstleistungen gegen\u00fcber dem Websitebetreiber zu erbringen. Die im Rahmen von Google Analytics von Ihrem Browser \u00fcbermittelte IP-Adresse wird nicht mit anderen Daten von Google zusammengef\u00fchrt. Sie k\u00f6nnen die Speicherung der Cookies durch eine entsprechende Einstellung Ihrer Browser-Software verhindern; wir weisen Sie jedoch darauf hin, dass Sie in diesem Fall gegebenenfalls nicht s\u00e4mtliche Funktionen dieser Website vollumf\u00e4nglich werden nutzen k\u00f6nnen. Sie k\u00f6nnen dar\u00fcber hinaus die Erfassung der durch das Cookie erzeugten und auf Ihre Nutzung der Website bezogenen Daten (inkl. Ihrer IP-Adresse) an Google sowie die Verarbeitung dieser Daten durch Google verhindern, indem sie das unter dem folgenden Link verf\u00fcgbare Browser-Plugin herunterladen und installieren: <a href=\"http:\/\/tools.google.com\/dlpage\/gaoptout?hl=de\" rel=\"nofollow\">http:\/\/tools.google.com\/dlpage\/gaoptout?hl=de<\/a><\/div>\n<p><strong>Auskunftsrecht<\/strong><br \/>\nSie haben das jederzeitige Recht, sich unentgeltlich und unverz\u00fcglich \u00fcber die zu Ihrer Person erhobenen Daten zu erkundigen. Sie haben das jederzeitige Recht, Ihre Zustimmung zur Verwendung Ihrer angegeben pers\u00f6nlichen Daten mit Wirkung f\u00fcr die Zukunft zu widerrufen. Zur Auskunftserteilung wenden Sie sich bitte an den Anbieter unter den Kontaktdaten im Impressum.<\/p>\n<p><strong>5. Besondere Nutzungsbedingungen<\/strong><br \/>\nSoweit besondere Bedingungen f\u00fcr einzelne Nutzungen dieser Website von den vorgenannten Nummern 1. bis 4. abweichen, wird an entsprechender Stelle ausdr\u00fccklich darauf hingewiesen. In diesem Falle gelten im jeweiligen Einzelfall die besonderen Nutzungsbedingungen.<\/p>\n<p>Quelle: Muster-Disclaimer von <a href=\"http:\/\/www.juraforum.de\">Juraforum.de<\/a> in Kooperation mit <a href=\"http:\/\/www.connektar.de\">connektar.de &#8211; kostenlose Pressemitteilung<\/a>.<br \/>\n[\/et_pb_text][\/et_pb_column][\/et_pb_row][\/et_pb_section]<\/p>\n","protected":false},"excerpt":{"rendered":"<p>Angaben gem\u00e4\u00df \u00a7 5 TMG:Verantwortlich f\u00fcr den Inhalt und die Administrationdieses Internetauftrittes ist: Olaf Richter e.K.Abbestra\u00dfe 1710587 Berlin KontaktTelefon: (030) 341 64 73Telefax: (030) 341 75 35 information(at)olafrichter.de Handelsregister beim Amtsgericht Charlottenburg \/ Berlin Nr.: HRA 64345 B USt-IdNr: DE 136 000 253 Quellenangaben f\u00fcr die verwendeten Fotos und Grafiken: IllustrationenMarlene Vogel und Tom Bachtel [&hellip;]<\/p>\n","protected":false},"author":1,"featured_media":0,"parent":0,"menu_order":0,"comment_status":"closed","ping_status":"closed","template":"","meta":{"_et_pb_use_builder":"on","_et_pb_old_content":"","_et_gb_content_width":"","footnotes":""},"class_list":["post-60","page","type-page","status-publish","hentry"],"_links":{"self":[{"href":"https:\/\/www.olafrichter.de\/index.php?rest_route=\/wp\/v2\/pages\/60","targetHints":{"allow":["GET"]}}],"collection":[{"href":"https:\/\/www.olafrichter.de\/index.php?rest_route=\/wp\/v2\/pages"}],"about":[{"href":"https:\/\/www.olafrichter.de\/index.php?rest_route=\/wp\/v2\/types\/page"}],"author":[{"embeddable":true,"href":"https:\/\/www.olafrichter.de\/index.php?rest_route=\/wp\/v2\/users\/1"}],"replies":[{"embeddable":true,"href":"https:\/\/www.olafrichter.de\/index.php?rest_route=%2Fwp%2Fv2%2Fcomments&post=60"}],"version-history":[{"count":8,"href":"https:\/\/www.olafrichter.de\/index.php?rest_route=\/wp\/v2\/pages\/60\/revisions"}],"predecessor-version":[{"id":1595,"href":"https:\/\/www.olafrichter.de\/index.php?rest_route=\/wp\/v2\/pages\/60\/revisions\/1595"}],"wp:attachment":[{"href":"https:\/\/www.olafrichter.de\/index.php?rest_route=%2Fwp%2Fv2%2Fmedia&parent=60"}],"curies":[{"name":"wp","href":"https:\/\/api.w.org\/{rel}","templated":true}]}}