{"id":40,"date":"2016-01-15T10:40:04","date_gmt":"2016-01-15T09:40:04","guid":{"rendered":"http:\/\/www.olafrichter.de\/?page_id=40"},"modified":"2026-04-29T16:04:43","modified_gmt":"2026-04-29T14:04:43","slug":"start","status":"publish","type":"page","link":"https:\/\/www.olafrichter.de\/","title":{"rendered":"Start"},"content":{"rendered":"<p>[et_pb_section fb_built=&#8220;1&#8243; admin_label=&#8220;section&#8220; _builder_version=&#8220;4.16&#8243; custom_margin=&#8220;||-55px|||&#8220; global_colors_info=&#8220;{}&#8220;][et_pb_row column_structure=&#8220;2_3,1_3&#8243; disabled_on=&#8220;on|on|on&#8220; _builder_version=&#8220;4.16&#8243; background_size=&#8220;initial&#8220; background_position=&#8220;top_left&#8220; background_repeat=&#8220;repeat&#8220; disabled=&#8220;on&#8220; global_colors_info=&#8220;{}&#8220;][et_pb_column type=&#8220;2_3&#8243; _builder_version=&#8220;4.16&#8243; custom_padding=&#8220;|||&#8220; global_colors_info=&#8220;{}&#8220; custom_padding__hover=&#8220;|||&#8220;][et_pb_text _builder_version=&#8220;4.16&#8243; background_size=&#8220;initial&#8220; background_position=&#8220;top_left&#8220; background_repeat=&#8220;repeat&#8220; use_border_color=&#8220;off&#8220; border_color=&#8220;#ffffff&#8220; border_style=&#8220;solid&#8220; global_colors_info=&#8220;{}&#8220;]<\/p>\n<h3><span style=\"color: #003366;\"><span style=\"color: #00007e;\">Wir geben uns ein neues Design<\/span><\/span><\/h3>\n<p>[\/et_pb_text][et_pb_text _builder_version=&#8220;4.16&#8243; background_size=&#8220;initial&#8220; background_position=&#8220;top_left&#8220; background_repeat=&#8220;repeat&#8220; use_border_color=&#8220;off&#8220; border_color=&#8220;#ffffff&#8220; border_style=&#8220;solid&#8220; global_colors_info=&#8220;{}&#8220;]<\/p>\n<h4 style=\"text-align: left;\"><span style=\"color: #00007e;\">30 Jahre nach unserer Gr\u00fcndung 1988, steht unsere oben pr\u00e4sentierte neue Marke f\u00fcr den Wandel unseres Unternehmens. Mit etwas Wehmut, aber auch mit Stolz, verabschieden wir uns von der alten Marke:<\/span><\/h4>\n<p>[\/et_pb_text][et_pb_text _builder_version=&#8220;4.16&#8243; background_size=&#8220;initial&#8220; background_position=&#8220;top_left&#8220; background_repeat=&#8220;repeat&#8220; use_border_color=&#8220;off&#8220; border_color=&#8220;#ffffff&#8220; border_style=&#8220;solid&#8220; global_colors_info=&#8220;{}&#8220;]<\/p>\n<p> <img loading=\"lazy\" decoding=\"async\" class=\"alignnone size-medium wp-image-1257\" src=\"https:\/\/www.olafrichter.de\/wp-content\/uploads\/2018\/10\/LOGO_Alte_Marke-300x61.jpg\" alt=\"LOGO_Alte_Marke\" width=\"300\" height=\"61\" srcset=\"https:\/\/www.olafrichter.de\/wp-content\/uploads\/2018\/10\/LOGO_Alte_Marke-300x61.jpg 300w, https:\/\/www.olafrichter.de\/wp-content\/uploads\/2018\/10\/LOGO_Alte_Marke-768x155.jpg 768w, https:\/\/www.olafrichter.de\/wp-content\/uploads\/2018\/10\/LOGO_Alte_Marke-1024x207.jpg 1024w, https:\/\/www.olafrichter.de\/wp-content\/uploads\/2018\/10\/LOGO_Alte_Marke-1080x218.jpg 1080w, https:\/\/www.olafrichter.de\/wp-content\/uploads\/2018\/10\/LOGO_Alte_Marke.jpg 1200w\" sizes=\"(max-width: 300px) 100vw, 300px\" \/> <\/p>\n<p>[\/et_pb_text][et_pb_text _builder_version=&#8220;4.16&#8243; global_colors_info=&#8220;{}&#8220;]<\/p>\n<h4 style=\"text-align: left;\"><span style=\"color: #00007e;\">Das alte Logo weist noch auf die Einrichtungsplanung in <\/span><span style=\"color: #00007e;\">der Zeit vor der Einf\u00fchrung der \u201ePersonal Computer\u201c hin: <\/span><span style=\"color: #00007e;\">Es zeigt unseren Namen in Blockschrift, konstruiert mit<\/span> <span style=\"color: #00007e;\">dem f\u00fcr technische Zeichner damals typischen Millimeterpapier.<\/span> <span style=\"color: #00007e;\">Darin ist eine therapeutische Liege in Beinhochlagerung <\/span><span style=\"color: #00007e;\">eingebettet. Mit unserer neuen Marke sind wir <\/span><span style=\"color: #00007e;\">zeitgem\u00e4\u00df und traditionsbewusst, denn unseren guten<\/span> <span style=\"color: #00007e;\">Namen und die Liege behalten wir nat\u00fcrlich. <\/span><\/h4>\n<h4 style=\"text-align: left;\"><span style=\"color: #00007e;\">Wie die alte, <\/span><span style=\"color: #00007e;\">steht auch die neue Marke f\u00fcr unseren Auftrag der bestm\u00f6glichen<\/span> <span style=\"color: #00007e;\">individuellen Einrichtungsplanung einer physiotherapeutischen <\/span><span style=\"color: #00007e;\">Praxis. Das ist unser Qualit\u00e4tsanspruch:<\/span><\/h4>\n<p>[\/et_pb_text][et_pb_text _builder_version=&#8220;4.16&#8243; global_colors_info=&#8220;{}&#8220;]<\/p>\n<h3 style=\"text-align: left;\"><span style=\"color: #00007e;\">\u201eEine gute Einrichtung f\u00fcr die Physiotherapie.\u201c<\/span><\/h3>\n<h4><\/h4>\n<ul>\n<li style=\"text-align: left;\">\n<h4><span style=\"color: #00007e;\">als kundenorientiertes Unternehmen<\/span><\/h4>\n<\/li>\n<li style=\"text-align: left;\">\n<h4><span style=\"color: #00007e;\">als gepr\u00fcfte Produktqualit\u00e4t<\/span><\/h4>\n<\/li>\n<li style=\"text-align: left;\">\n<h4><span style=\"color: #00007e;\">als engagiertes kompetentes Team<\/span><\/h4>\n<\/li>\n<li style=\"text-align: left;\">\n<h4><span style=\"color: #00007e;\">als Rundum-Sorglos-Leistungspalette<\/span><\/h4>\n<\/li>\n<\/ul>\n<p>[\/et_pb_text][et_pb_text _builder_version=&#8220;4.16&#8243; global_colors_info=&#8220;{}&#8220;]<\/p>\n<h4 style=\"text-align: left;\"><span style=\"color: #00007e;\">Wir bleiben auch in Zukunft der professionelle <\/span><span style=\"color: #00007e;\">Partner der Physiotherapeuten.<\/span><\/h4>\n<p>&nbsp;<\/p>\n<p><img loading=\"lazy\" decoding=\"async\" class=\"alignnone size-medium wp-image-1267\" src=\"https:\/\/www.olafrichter.de\/wp-content\/uploads\/2018\/10\/OLaf-Richter-Logo_nur-Schrift_180918-300x25.png\" alt=\"OLaf-Richter-Logo_nur-Schrift_180918\" width=\"300\" height=\"25\" srcset=\"https:\/\/www.olafrichter.de\/wp-content\/uploads\/2018\/10\/OLaf-Richter-Logo_nur-Schrift_180918-300x25.png 300w, https:\/\/www.olafrichter.de\/wp-content\/uploads\/2018\/10\/OLaf-Richter-Logo_nur-Schrift_180918-768x65.png 768w, https:\/\/www.olafrichter.de\/wp-content\/uploads\/2018\/10\/OLaf-Richter-Logo_nur-Schrift_180918-1024x87.png 1024w, https:\/\/www.olafrichter.de\/wp-content\/uploads\/2018\/10\/OLaf-Richter-Logo_nur-Schrift_180918-1080x91.png 1080w, https:\/\/www.olafrichter.de\/wp-content\/uploads\/2018\/10\/OLaf-Richter-Logo_nur-Schrift_180918.png 1763w\" sizes=\"(max-width: 300px) 100vw, 300px\" \/><\/p>\n<p>[\/et_pb_text][\/et_pb_column][et_pb_column type=&#8220;1_3&#8243; _builder_version=&#8220;4.16&#8243; custom_padding=&#8220;|||&#8220; global_colors_info=&#8220;{}&#8220; custom_padding__hover=&#8220;|||&#8220;][et_pb_image src=&#8220;https:\/\/www.olafrichter.de\/wp-content\/uploads\/2018\/10\/Olaf_Richter_30J_2018_frame.jpg&#8220; alt=&#8220;Olaf Richter&#8220; title_text=&#8220;Olaf Richter&#8220; align=&#8220;center&#8220; align_tablet=&#8220;center&#8220; align_phone=&#8220;&#8220; align_last_edited=&#8220;on|desktop&#8220; admin_label=&#8220;Olaf Richter&#8220; _builder_version=&#8220;4.16&#8243; animation_style=&#8220;fade&#8220; animation_duration=&#8220;500ms&#8220; use_border_color=&#8220;off&#8220; border_color=&#8220;#ffffff&#8220; border_style=&#8220;solid&#8220; animation=&#8220;fade_in&#8220; sticky=&#8220;off&#8220; global_colors_info=&#8220;{}&#8220;][\/et_pb_image][et_pb_text _builder_version=&#8220;4.16&#8243; global_colors_info=&#8220;{}&#8220;]<\/p>\n<p> <span style=\"color: #ffffff;\">.<\/span> <\/p>\n<p>[\/et_pb_text][et_pb_image src=&#8220;https:\/\/www.olafrichter.de\/wp-content\/uploads\/2018\/10\/OLaf-Richter-Logo_Bild-mit-Schrift_180918.png&#8220; align_tablet=&#8220;center&#8220; align_phone=&#8220;&#8220; align_last_edited=&#8220;on|desktop&#8220; _builder_version=&#8220;4.16&#8243; global_colors_info=&#8220;{}&#8220;][\/et_pb_image][\/et_pb_column][\/et_pb_row][et_pb_row disabled_on=&#8220;on|on|on&#8220; _builder_version=&#8220;4.16&#8243; background_size=&#8220;initial&#8220; background_position=&#8220;top_left&#8220; background_repeat=&#8220;repeat&#8220; disabled=&#8220;on&#8220; global_colors_info=&#8220;{}&#8220;][et_pb_column type=&#8220;4_4&#8243; _builder_version=&#8220;4.16&#8243; custom_padding=&#8220;|||&#8220; global_colors_info=&#8220;{}&#8220; custom_padding__hover=&#8220;|||&#8220;][et_pb_code admin_label=&#8220;Linie&#8220; _builder_version=&#8220;4.16&#8243; custom_css_main_element=&#8220; border:none;|| border-top:4px dotted #00007e;|| color:#fff;|| background-color:#fff;|| height:4px;|| width:100%;&#8220; saved_tabs=&#8220;all&#8220; global_colors_info=&#8220;{}&#8220;][\/et_pb_code][\/et_pb_column][\/et_pb_row][et_pb_row column_structure=&#8220;2_3,1_3&#8243; disabled_on=&#8220;on|on|on&#8220; _builder_version=&#8220;4.22.2&#8243; background_size=&#8220;initial&#8220; background_position=&#8220;top_left&#8220; background_repeat=&#8220;repeat&#8220; disabled=&#8220;on&#8220; global_colors_info=&#8220;{}&#8220;][et_pb_column type=&#8220;2_3&#8243; _builder_version=&#8220;4.16&#8243; custom_padding=&#8220;|||&#8220; global_colors_info=&#8220;{}&#8220; custom_padding__hover=&#8220;|||&#8220;][et_pb_text disabled_on=&#8220;off|off|off&#8220; admin_label=&#8220;Text&#8220; _builder_version=&#8220;4.17.3&#8243; background_size=&#8220;initial&#8220; background_position=&#8220;top_left&#8220; background_repeat=&#8220;repeat&#8220; use_border_color=&#8220;off&#8220; border_color=&#8220;#ffffff&#8220; border_style=&#8220;solid&#8220; global_colors_info=&#8220;{}&#8220;]<\/p>\n<h3><span style=\"color: #00007e;\">Planen Sie die Zukunft Ihrer Praxis?<\/span><\/h3>\n<div class=\"et_pb_text et_pb_module et_pb_bg_layout_light et_pb_text_align_left et_pb_text_3\"><span style=\"color: #00007e;\">Wir bieten ma\u00dfgeschneiderte L\u00f6sungen f\u00fcr Ihre Visionen.<\/span><\/div>\n<p>[\/et_pb_text][et_pb_text _builder_version=&#8220;4.16&#8243; background_size=&#8220;initial&#8220; background_position=&#8220;top_left&#8220; background_repeat=&#8220;repeat&#8220; use_border_color=&#8220;off&#8220; border_color=&#8220;#ffffff&#8220; border_style=&#8220;solid&#8220; global_colors_info=&#8220;{}&#8220;]<\/p>\n<h3><span style=\"color: #00007e;\">\u00a0<\/span><\/h3>\n<h3><span style=\"color: #00007e;\">Sie suchen einen Experten f\u00fcr Physio- &amp; Ergotherapie-Fachbedarf?<\/span><\/h3>\n<div class=\"et_pb_text et_pb_module et_pb_bg_layout_light et_pb_text_align_left et_pb_text_3\">\n<p class=\"paragraph_style_8\"><span style=\"color: #00007e;\">Wir stehen Ihnen mit Rat und Tat zur Verf\u00fcgung und unterst\u00fctzen Sie bei allen Fragen rund um folgende Themen:<\/span><\/p>\n<p class=\"paragraph_style_8\"><span style=\"color: #00007e;\">Physiotherapiebedarf, Leihger\u00e4te, Ergotherapiebedarf, sicherheitstechnische Kontrolle.<\/span><\/p>\n<p class=\"paragraph_style_9\"><span style=\"color: #00007e;\">Sie k\u00f6nnen uns anrufen oder eine Mail schicken. Wir freuen uns \u00fcber Ihre <a style=\"color: #00007e;\" href=\"https:\/\/www.olafrichter.de\/?page_id=58\">Kontaktanfrage<\/a> und sind gerne f\u00fcr Sie da.<\/span><\/p>\n<\/div>\n<p>[\/et_pb_text][\/et_pb_column][et_pb_column type=&#8220;1_3&#8243; _builder_version=&#8220;4.16&#8243; custom_padding=&#8220;|||&#8220; global_colors_info=&#8220;{}&#8220; custom_padding__hover=&#8220;|||&#8220;][et_pb_image src=&#8220;https:\/\/www.olafrichter.de\/wp-content\/uploads\/2016\/01\/Matten-freigestellt-1.jpg&#8220; align_tablet=&#8220;center&#8220; align_phone=&#8220;&#8220; align_last_edited=&#8220;on|desktop&#8220; _builder_version=&#8220;4.16&#8243; global_colors_info=&#8220;{}&#8220;][\/et_pb_image][\/et_pb_column][\/et_pb_row][et_pb_row disabled_on=&#8220;on|on|on&#8220; _builder_version=&#8220;4.22.2&#8243; background_size=&#8220;initial&#8220; background_position=&#8220;top_left&#8220; background_repeat=&#8220;repeat&#8220; disabled=&#8220;on&#8220; global_colors_info=&#8220;{}&#8220;][et_pb_column type=&#8220;4_4&#8243; _builder_version=&#8220;4.16&#8243; custom_padding=&#8220;|||&#8220; global_colors_info=&#8220;{}&#8220; custom_padding__hover=&#8220;|||&#8220;][et_pb_code admin_label=&#8220;Linie&#8220; _builder_version=&#8220;4.16&#8243; custom_css_main_element=&#8220; border:none;|| border-top:4px dotted #00007e;|| color:#fff;|| background-color:#fff;|| height:4px;|| width:100%;&#8220; saved_tabs=&#8220;all&#8220; global_colors_info=&#8220;{}&#8220;][\/et_pb_code][\/et_pb_column][\/et_pb_row][et_pb_row disabled_on=&#8220;on|on|on&#8220; _builder_version=&#8220;4.22.2&#8243; background_size=&#8220;initial&#8220; background_position=&#8220;top_left&#8220; background_repeat=&#8220;repeat&#8220; disabled=&#8220;on&#8220; global_colors_info=&#8220;{}&#8220;][et_pb_column type=&#8220;4_4&#8243; _builder_version=&#8220;4.16&#8243; custom_padding=&#8220;|||&#8220; global_colors_info=&#8220;{}&#8220; custom_padding__hover=&#8220;|||&#8220;][et_pb_text disabled_on=&#8220;off|off|on&#8220; _builder_version=&#8220;4.22.2&#8243; background_size=&#8220;initial&#8220; background_position=&#8220;top_left&#8220; background_repeat=&#8220;repeat&#8220; use_border_color=&#8220;off&#8220; border_color=&#8220;#ffffff&#8220; border_style=&#8220;solid&#8220; global_colors_info=&#8220;{}&#8220;]<\/p>\n<h2><span style=\"color: #003366;\">Die neue MPBetreibV<\/span><\/h2>\n<p>[\/et_pb_text][\/et_pb_column][\/et_pb_row][et_pb_row column_structure=&#8220;1_3,1_3,1_3&#8243; disabled_on=&#8220;on|on|on&#8220; _builder_version=&#8220;4.22.2&#8243; background_size=&#8220;initial&#8220; background_position=&#8220;top_left&#8220; background_repeat=&#8220;repeat&#8220; disabled=&#8220;on&#8220; global_colors_info=&#8220;{}&#8220;][et_pb_column type=&#8220;1_3&#8243; _builder_version=&#8220;4.16&#8243; custom_padding=&#8220;|||&#8220; global_colors_info=&#8220;{}&#8220; custom_padding__hover=&#8220;|||&#8220;][et_pb_text _builder_version=&#8220;4.16&#8243; background_size=&#8220;initial&#8220; background_position=&#8220;top_left&#8220; background_repeat=&#8220;repeat&#8220; use_border_color=&#8220;off&#8220; border_color=&#8220;#ffffff&#8220; border_style=&#8220;solid&#8220; global_colors_info=&#8220;{}&#8220;]<\/p>\n<p> Ab 1. Januar 2017 gelten neue Vorschriften f\u00fcr Betreiber und Anwender von Medizinprodukten. Am 11. Oktober 2016 ist die Zweite Verordnung zur \u00c4nderung medizinprodukterechtlicher Vorschriften erschienen. Sie fasst die Medizinprodukte-Betreiberverordnung (MPBetreibV) in wesentlichen Teilen neu. Der Begriff des Betreibers wurde definiert, gr\u00f6\u00dfere Einrichtungen m\u00fcssen einen Beauftragten f\u00fcr Medizinprodukte als zentralen Ansprechpartner einsetzen und die Hersteller k\u00f6nnen nun nicht mehr bestimmen, wie oft sicherheits- und messtechnische Kontrollen durchzuf\u00fchren sind. <\/p>\n<p>[\/et_pb_text][\/et_pb_column][et_pb_column type=&#8220;1_3&#8243; _builder_version=&#8220;4.16&#8243; custom_padding=&#8220;|||&#8220; global_colors_info=&#8220;{}&#8220; custom_padding__hover=&#8220;|||&#8220;][et_pb_image src=&#8220;https:\/\/www.olafrichter.de\/wp-content\/uploads\/2016\/01\/05.jpg&#8220; alt=&#8220;STK&#8220; title_text=&#8220;STK&#8220; align=&#8220;center&#8220; align_tablet=&#8220;center&#8220; align_phone=&#8220;&#8220; align_last_edited=&#8220;on|desktop&#8220; admin_label=&#8220;STK&#8220; _builder_version=&#8220;4.16&#8243; animation_style=&#8220;fade&#8220; animation_duration=&#8220;500ms&#8220; use_border_color=&#8220;off&#8220; border_color=&#8220;#ffffff&#8220; border_style=&#8220;solid&#8220; animation=&#8220;fade_in&#8220; sticky=&#8220;off&#8220; always_center_on_mobile=&#8220;on&#8220; global_colors_info=&#8220;{}&#8220;][\/et_pb_image][\/et_pb_column][et_pb_column type=&#8220;1_3&#8243; _builder_version=&#8220;4.16&#8243; custom_padding=&#8220;|||&#8220; global_colors_info=&#8220;{}&#8220; custom_padding__hover=&#8220;|||&#8220;][et_pb_text _builder_version=&#8220;4.16&#8243; background_size=&#8220;initial&#8220; background_position=&#8220;top_left&#8220; background_repeat=&#8220;repeat&#8220; use_border_color=&#8220;off&#8220; border_color=&#8220;#ffffff&#8220; border_style=&#8220;solid&#8220; global_colors_info=&#8220;{}&#8220;]<\/p>\n<p style=\"text-align: center;\">Was z.B. die sicherheitstechnischen Kontrollen betrifft, tragen Sie als Betreiber nun die volle Verantwortung. Dies regelt der \u00a711 Absatz 1 in der neuen MPBetreibV<\/p>\n<p style=\"text-align: center;\">Die vollst\u00e4ndige MPBetreibV k\u00f6nnen Sie<\/p>\n<p style=\"text-align: center;\"><a href=\"https:\/\/www.gesetze-im-internet.de\/mpbetreibv\/\" target=\"_blank\" rel=\"noopener noreferrer\">hier einsehen<\/a>.<\/p>\n<p style=\"text-align: center;\">Sollten Sie Fragen zu diesem Thema haben, stehen wir Ihnen gern zur Verf\u00fcgung.<\/p>\n<p>&nbsp;<\/p>\n<p>[\/et_pb_text][et_pb_text _builder_version=&#8220;4.16&#8243; background_size=&#8220;initial&#8220; background_position=&#8220;top_left&#8220; background_repeat=&#8220;repeat&#8220; use_border_color=&#8220;off&#8220; border_color=&#8220;#ffffff&#8220; border_style=&#8220;solid&#8220; global_colors_info=&#8220;{}&#8220;]<\/p>\n<p style=\"text-align: center;\"><a href=\"https:\/\/www.gesetze-im-internet.de\/mpbetreibv\/\" target=\"_blank\" rel=\"noopener noreferrer\">MPBetreibV 2017<\/a><\/p>\n<p>[\/et_pb_text][\/et_pb_column][\/et_pb_row][et_pb_row disabled_on=&#8220;on|on|on&#8220; _builder_version=&#8220;4.16&#8243; background_size=&#8220;initial&#8220; background_position=&#8220;top_left&#8220; background_repeat=&#8220;repeat&#8220; disabled=&#8220;on&#8220; global_colors_info=&#8220;{}&#8220;][et_pb_column type=&#8220;4_4&#8243; _builder_version=&#8220;4.16&#8243; custom_padding=&#8220;|||&#8220; global_colors_info=&#8220;{}&#8220; custom_padding__hover=&#8220;|||&#8220;][et_pb_code disabled_on=&#8220;off|off|on&#8220; admin_label=&#8220;Linie&#8220; _builder_version=&#8220;4.22.2&#8243; custom_css_main_element=&#8220; border:none;|| border-top:4px dotted #00007e;|| color:#fff;|| background-color:#fff;|| height:4px;|| width:100%;&#8220; saved_tabs=&#8220;all&#8220; global_colors_info=&#8220;{}&#8220;][\/et_pb_code][\/et_pb_column][\/et_pb_row][et_pb_row column_structure=&#8220;1_2,1_2&#8243; disabled_on=&#8220;on|on|on&#8220; _builder_version=&#8220;4.22.2&#8243; background_size=&#8220;initial&#8220; background_position=&#8220;top_left&#8220; background_repeat=&#8220;repeat&#8220; disabled=&#8220;on&#8220; global_colors_info=&#8220;{}&#8220;][et_pb_column type=&#8220;1_2&#8243; _builder_version=&#8220;4.16&#8243; custom_padding=&#8220;|||&#8220; global_colors_info=&#8220;{}&#8220; custom_padding__hover=&#8220;|||&#8220;][et_pb_image src=&#8220;https:\/\/www.olafrichter.de\/wp-content\/uploads\/2016\/01\/Physiomed.jpg&#8220; alt=&#8220;PHYSIOMED&#8220; title_text=&#8220;PHYSIOMED&#8220; url=&#8220;http:\/\/shop.olafrichter.de\/epages\/OlafRichterShop.sf\/de_DE\/?ViewAction=FacetedSearchProducts&#038;ObjectID=40918684&#038;PageSize=36&#038;SearchString=evident&#038;OrderBy=ListPrice&#038;OrderDesc=1&#8243; url_new_window=&#8220;on&#8220; align=&#8220;center&#8220; align_tablet=&#8220;center&#8220; align_phone=&#8220;&#8220; align_last_edited=&#8220;on|desktop&#8220; admin_label=&#8220;PHYSIOMED&#8220; _builder_version=&#8220;4.16&#8243; animation_style=&#8220;fade&#8220; animation_duration=&#8220;500ms&#8220; use_border_color=&#8220;off&#8220; border_color=&#8220;#ffffff&#8220; border_style=&#8220;solid&#8220; animation=&#8220;fade_in&#8220; sticky=&#8220;off&#8220; always_center_on_mobile=&#8220;on&#8220; global_colors_info=&#8220;{}&#8220;][\/et_pb_image][et_pb_text _builder_version=&#8220;4.16&#8243; background_size=&#8220;initial&#8220; background_position=&#8220;top_left&#8220; background_repeat=&#8220;repeat&#8220; use_border_color=&#8220;off&#8220; border_color=&#8220;#ffffff&#8220; border_style=&#8220;solid&#8220; global_colors_info=&#8220;{}&#8220;]<\/p>\n<h3 style=\"text-align: left;\"><img loading=\"lazy\" decoding=\"async\" class=\"alignnone wp-image-206\" src=\"https:\/\/www.olafrichter.de\/wp-content\/uploads\/2016\/01\/StrMae_Neu-300x195.jpg\" alt=\"StrMae_Neu\" width=\"92\" height=\"60\" srcset=\"https:\/\/www.olafrichter.de\/wp-content\/uploads\/2016\/01\/StrMae_Neu-300x195.jpg 300w, https:\/\/www.olafrichter.de\/wp-content\/uploads\/2016\/01\/StrMae_Neu-768x499.jpg 768w, https:\/\/www.olafrichter.de\/wp-content\/uploads\/2016\/01\/StrMae_Neu.jpg 800w\" sizes=\"(max-width: 92px) 100vw, 92px\" \/> <span style=\"color: #003366;\">Neu im Sortment!<\/span><\/h3>\n<p>[\/et_pb_text][et_pb_image src=&#8220;https:\/\/www.olafrichter.de\/wp-content\/uploads\/2023\/09\/Solid-E6-SOC.jpg&#8220; alt=&#8220;HWK&#8220; title_text=&#8220;Solid-E6-SOC&#8220; align=&#8220;center&#8220; align_tablet=&#8220;center&#8220; align_phone=&#8220;&#8220; align_last_edited=&#8220;on|desktop&#8220; admin_label=&#8220;HWK&#8220; _builder_version=&#8220;4.17.3&#8243; animation_style=&#8220;fade&#8220; animation_duration=&#8220;500ms&#8220; use_border_color=&#8220;off&#8220; border_color=&#8220;#ffffff&#8220; border_style=&#8220;solid&#8220; animation=&#8220;fade_in&#8220; sticky=&#8220;off&#8220; always_center_on_mobile=&#8220;on&#8220; global_colors_info=&#8220;{}&#8220;][\/et_pb_image][et_pb_image src=&#8220;https:\/\/www.olafrichter.de\/wp-content\/uploads\/2016\/01\/Neuheiten_BLACKROLL.jpg&#8220; alt=&#8220;Blackroll&#8220; title_text=&#8220;Blackroll&#8220; url=&#8220;http:\/\/shop.olafrichter.de\/epages\/OlafRichterShop.sf\/de_DE\/?ViewAction=FacetedSearchProducts&#038;ObjectID=40918684&#038;PageSize=36&#038;SearchString=blackroll&#038;OrderBy=NameOrAlias&#038;OrderDesc=0&#8243; url_new_window=&#8220;on&#8220; align=&#8220;center&#8220; align_tablet=&#8220;center&#8220; align_phone=&#8220;&#8220; align_last_edited=&#8220;on|desktop&#8220; admin_label=&#8220;Blackroll&#8220; _builder_version=&#8220;4.16&#8243; animation_style=&#8220;fade&#8220; animation_duration=&#8220;500ms&#8220; use_border_color=&#8220;off&#8220; border_color=&#8220;#ffffff&#8220; border_style=&#8220;solid&#8220; animation=&#8220;fade_in&#8220; sticky=&#8220;off&#8220; always_center_on_mobile=&#8220;on&#8220; global_colors_info=&#8220;{}&#8220;][\/et_pb_image][\/et_pb_column][et_pb_column type=&#8220;1_2&#8243; _builder_version=&#8220;4.16&#8243; custom_padding=&#8220;|||&#8220; global_colors_info=&#8220;{}&#8220; custom_padding__hover=&#8220;|||&#8220;][et_pb_image src=&#8220;https:\/\/www.olafrichter.de\/wp-content\/uploads\/2016\/01\/Haider.jpg&#8220; alt=&#8220;Haider BIOSWING&#8220; title_text=&#8220;Haider BIOSWING&#8220; url=&#8220;http:\/\/shop.olafrichter.de\/epages\/OlafRichterShop.sf\/de_DE\/?ViewAction=FacetedSearchProducts&#038;ObjectID=40918684&#038;PageSize=36&#038;SearchString=BIOSWING&#038;OrderBy=NameOrAlias&#038;OrderDesc=0&#8243; align=&#8220;center&#8220; align_tablet=&#8220;center&#8220; align_phone=&#8220;&#8220; align_last_edited=&#8220;on|desktop&#8220; admin_label=&#8220;Haider BIOSWING&#8220; _builder_version=&#8220;4.16&#8243; animation_style=&#8220;fade&#8220; animation_duration=&#8220;500ms&#8220; use_border_color=&#8220;off&#8220; border_color=&#8220;#ffffff&#8220; border_style=&#8220;solid&#8220; animation=&#8220;fade_in&#8220; sticky=&#8220;off&#8220; always_center_on_mobile=&#8220;on&#8220; global_colors_info=&#8220;{}&#8220;][\/et_pb_image][et_pb_image src=&#8220;https:\/\/www.olafrichter.de\/wp-content\/uploads\/2016\/01\/Gymna_G2.jpg&#8220; alt=&#8220;Gymna&#8220; title_text=&#8220;Gymna&#8220; align=&#8220;center&#8220; align_tablet=&#8220;center&#8220; align_phone=&#8220;&#8220; align_last_edited=&#8220;on|desktop&#8220; admin_label=&#8220;Gymna&#8220; _builder_version=&#8220;4.16&#8243; animation_style=&#8220;fade&#8220; animation_duration=&#8220;500ms&#8220; use_border_color=&#8220;off&#8220; border_color=&#8220;#ffffff&#8220; border_style=&#8220;solid&#8220; animation=&#8220;fade_in&#8220; sticky=&#8220;off&#8220; always_center_on_mobile=&#8220;on&#8220; global_colors_info=&#8220;{}&#8220;][\/et_pb_image][et_pb_image src=&#8220;https:\/\/www.olafrichter.de\/wp-content\/uploads\/2016\/01\/Sanctband.jpg&#8220; alt=&#8220;Sanctband&#8220; title_text=&#8220;Sanctband&#8220; url=&#8220;http:\/\/shop.olafrichter.de\/epages\/OlafRichterShop.sf\/de_DE\/?ObjectID=40918684&#038;ViewAction=FacetedSearchProducts&#038;SearchString=flossband&#8220; url_new_window=&#8220;on&#8220; align=&#8220;center&#8220; align_tablet=&#8220;center&#8220; align_phone=&#8220;&#8220; align_last_edited=&#8220;on|desktop&#8220; admin_label=&#8220;Sanctband&#8220; _builder_version=&#8220;4.16&#8243; animation_style=&#8220;fade&#8220; animation_duration=&#8220;500ms&#8220; use_border_color=&#8220;off&#8220; border_color=&#8220;#ffffff&#8220; border_style=&#8220;solid&#8220; animation=&#8220;fade_in&#8220; sticky=&#8220;off&#8220; always_center_on_mobile=&#8220;on&#8220; global_colors_info=&#8220;{}&#8220;][\/et_pb_image][\/et_pb_column][\/et_pb_row][et_pb_row disabled_on=&#8220;on|on|on&#8220; _builder_version=&#8220;4.22.2&#8243; background_size=&#8220;initial&#8220; background_position=&#8220;top_left&#8220; background_repeat=&#8220;repeat&#8220; disabled=&#8220;on&#8220; global_colors_info=&#8220;{}&#8220;][et_pb_column type=&#8220;4_4&#8243; _builder_version=&#8220;4.16&#8243; custom_padding=&#8220;|||&#8220; global_colors_info=&#8220;{}&#8220; custom_padding__hover=&#8220;|||&#8220;][et_pb_code admin_label=&#8220;Linie&#8220; _builder_version=&#8220;4.16&#8243; custom_css_main_element=&#8220; border:none;|| border-top:4px dotted #00007e;|| color:#fff;|| background-color:#fff;|| height:4px;|| width:100%;&#8220; saved_tabs=&#8220;all&#8220; global_colors_info=&#8220;{}&#8220;][\/et_pb_code][\/et_pb_column][\/et_pb_row][et_pb_row disabled_on=&#8220;on|on|on&#8220; _builder_version=&#8220;4.22.2&#8243; background_size=&#8220;initial&#8220; background_position=&#8220;top_left&#8220; background_repeat=&#8220;repeat&#8220; disabled=&#8220;on&#8220; global_colors_info=&#8220;{}&#8220;][et_pb_column type=&#8220;4_4&#8243; _builder_version=&#8220;4.16&#8243; custom_padding=&#8220;|||&#8220; global_colors_info=&#8220;{}&#8220; custom_padding__hover=&#8220;|||&#8220;][et_pb_text _builder_version=&#8220;4.16&#8243; background_size=&#8220;initial&#8220; background_position=&#8220;top_left&#8220; background_repeat=&#8220;repeat&#8220; text_orientation=&#8220;center&#8220; module_alignment=&#8220;center&#8220; use_border_color=&#8220;off&#8220; border_color=&#8220;#ffffff&#8220; border_style=&#8220;solid&#8220; global_colors_info=&#8220;{}&#8220;]<\/p>\n<h2><span style=\"color: #003366;\">Unsere Partner<\/span><\/h2>\n<p>[\/et_pb_text][\/et_pb_column][\/et_pb_row][et_pb_row column_structure=&#8220;1_3,1_3,1_3&#8243; disabled_on=&#8220;on|on|on&#8220; _builder_version=&#8220;4.22.2&#8243; background_size=&#8220;initial&#8220; background_position=&#8220;top_left&#8220; background_repeat=&#8220;repeat&#8220; disabled=&#8220;on&#8220; global_colors_info=&#8220;{}&#8220;][et_pb_column type=&#8220;1_3&#8243; _builder_version=&#8220;4.16&#8243; custom_padding=&#8220;|||&#8220; global_colors_info=&#8220;{}&#8220; custom_padding__hover=&#8220;|||&#8220;][et_pb_image src=&#8220;https:\/\/www.olafrichter.de\/wp-content\/uploads\/2023\/09\/Logo_HWK_Therapieliegen_neu.png&#8220; alt=&#8220;Partner_HWK&#8220; title_text=&#8220;Logo_HWK_Therapieliegen_neu&#8220; url=&#8220;https:\/\/www.hwk-therapieliegen.de\/produkte&#8220; url_new_window=&#8220;on&#8220; align=&#8220;center&#8220; align_tablet=&#8220;center&#8220; align_phone=&#8220;&#8220; align_last_edited=&#8220;on|desktop&#8220; admin_label=&#8220;Partner_HWK&#8220; _builder_version=&#8220;4.17.3&#8243; animation_style=&#8220;fade&#8220; animation_duration=&#8220;500ms&#8220; use_border_color=&#8220;off&#8220; border_color=&#8220;#ffffff&#8220; border_style=&#8220;solid&#8220; animation=&#8220;fade_in&#8220; sticky=&#8220;off&#8220; always_center_on_mobile=&#8220;on&#8220; saved_tabs=&#8220;all&#8220; global_colors_info=&#8220;{}&#8220;][\/et_pb_image][et_pb_text admin_label=&#8220;Text HWK&#8220; _builder_version=&#8220;4.17.3&#8243; background_size=&#8220;initial&#8220; background_position=&#8220;top_left&#8220; background_repeat=&#8220;repeat&#8220; use_border_color=&#8220;off&#8220; border_color=&#8220;#ffffff&#8220; border_style=&#8220;solid&#8220; saved_tabs=&#8220;all&#8220; global_colors_info=&#8220;{}&#8220;]<\/p>\n<h4 class=\"r\" style=\"text-align: center;\"><a href=\"https:\/\/www.hwk-therapieliegen.de\/produkte\">HWK Medizintechnik<\/a><\/h4>\n<p>[\/et_pb_text][\/et_pb_column][et_pb_column type=&#8220;1_3&#8243; _builder_version=&#8220;4.16&#8243; custom_padding=&#8220;|||&#8220; global_colors_info=&#8220;{}&#8220; custom_padding__hover=&#8220;|||&#8220;][et_pb_image src=&#8220;https:\/\/www.olafrichter.de\/wp-content\/uploads\/2016\/04\/Partner_Physiomed-1.jpg&#8220; alt=&#8220;Partner_Physiomed&#8220; title_text=&#8220;Partner_Physiomed&#8220; url=&#8220;http:\/\/www.physiomed.de\/&#8220; url_new_window=&#8220;on&#8220; align=&#8220;center&#8220; align_tablet=&#8220;center&#8220; align_phone=&#8220;&#8220; align_last_edited=&#8220;on|desktop&#8220; admin_label=&#8220;Partner_Physiomed&#8220; _builder_version=&#8220;4.16&#8243; animation_style=&#8220;fade&#8220; animation_duration=&#8220;500ms&#8220; use_border_color=&#8220;off&#8220; border_color=&#8220;#ffffff&#8220; border_style=&#8220;solid&#8220; animation=&#8220;fade_in&#8220; sticky=&#8220;off&#8220; always_center_on_mobile=&#8220;on&#8220; saved_tabs=&#8220;all&#8220; global_colors_info=&#8220;{}&#8220;][\/et_pb_image][et_pb_text admin_label=&#8220;Text Physiomed&#8220; _builder_version=&#8220;4.16&#8243; background_size=&#8220;initial&#8220; background_position=&#8220;top_left&#8220; background_repeat=&#8220;repeat&#8220; use_border_color=&#8220;off&#8220; border_color=&#8220;#ffffff&#8220; border_style=&#8220;solid&#8220; saved_tabs=&#8220;all&#8220; global_colors_info=&#8220;{}&#8220;]<\/p>\n<h4 class=\"r\" style=\"text-align: center;\"><a href=\"http:\/\/www.physiomed.de\/\" target=\"_blank\" rel=\"noopener noreferrer\">PHYSIOMED ELEKTROMEDIZIN AG<\/a><\/h4>\n<p>[\/et_pb_text][\/et_pb_column][et_pb_column type=&#8220;1_3&#8243; _builder_version=&#8220;4.16&#8243; custom_padding=&#8220;|||&#8220; global_colors_info=&#8220;{}&#8220; custom_padding__hover=&#8220;|||&#8220;][et_pb_image src=&#8220;https:\/\/www.olafrichter.de\/wp-content\/uploads\/2016\/04\/Partner_Haider.jpg&#8220; alt=&#8220;Partner_Haider&#8220; title_text=&#8220;Partner_Haider&#8220; url=&#8220;http:\/\/www.bioswing.de\/&#8220; url_new_window=&#8220;on&#8220; align=&#8220;center&#8220; align_tablet=&#8220;center&#8220; align_phone=&#8220;&#8220; align_last_edited=&#8220;on|desktop&#8220; admin_label=&#8220;Partner_Haider&#8220; _builder_version=&#8220;4.16&#8243; animation_style=&#8220;fade&#8220; animation_duration=&#8220;500ms&#8220; use_border_color=&#8220;off&#8220; border_color=&#8220;#ffffff&#8220; border_style=&#8220;solid&#8220; animation=&#8220;fade_in&#8220; sticky=&#8220;off&#8220; always_center_on_mobile=&#8220;on&#8220; saved_tabs=&#8220;all&#8220; global_colors_info=&#8220;{}&#8220;][\/et_pb_image][et_pb_text _builder_version=&#8220;4.16&#8243; background_size=&#8220;initial&#8220; background_position=&#8220;top_left&#8220; background_repeat=&#8220;repeat&#8220; use_border_color=&#8220;off&#8220; border_color=&#8220;#ffffff&#8220; border_style=&#8220;solid&#8220; saved_tabs=&#8220;all&#8220; global_colors_info=&#8220;{}&#8220;]<\/p>\n<h4 class=\"r\" style=\"text-align: center;\"><a href=\"http:\/\/www.bioswing.de\/\" target=\"_blank\" rel=\"noopener noreferrer\">HAIDER BIOSWING GmbH<\/a><\/h4>\n<p>[\/et_pb_text][\/et_pb_column][\/et_pb_row][et_pb_row column_structure=&#8220;1_3,1_3,1_3&#8243; disabled_on=&#8220;on|on|on&#8220; _builder_version=&#8220;4.22.2&#8243; background_size=&#8220;initial&#8220; background_position=&#8220;top_left&#8220; background_repeat=&#8220;repeat&#8220; disabled=&#8220;on&#8220; global_colors_info=&#8220;{}&#8220;][et_pb_column type=&#8220;1_3&#8243; _builder_version=&#8220;4.16&#8243; custom_padding=&#8220;|||&#8220; global_colors_info=&#8220;{}&#8220; custom_padding__hover=&#8220;|||&#8220;][\/et_pb_column][et_pb_column type=&#8220;1_3&#8243; _builder_version=&#8220;4.16&#8243; custom_padding=&#8220;|||&#8220; global_colors_info=&#8220;{}&#8220; custom_padding__hover=&#8220;|||&#8220;][et_pb_image src=&#8220;https:\/\/www.olafrichter.de\/wp-content\/uploads\/2016\/04\/Partner_Aktivita.jpg&#8220; alt=&#8220;Partner_aktivita&#8220; title_text=&#8220;Partner_aktivita&#8220; url=&#8220;http:\/\/www.aktivita-berlin.de\/&#8220; url_new_window=&#8220;on&#8220; align=&#8220;center&#8220; align_tablet=&#8220;center&#8220; align_phone=&#8220;&#8220; align_last_edited=&#8220;on|desktop&#8220; admin_label=&#8220;Partner_aktivita&#8220; _builder_version=&#8220;4.16&#8243; custom_margin=&#8220;||2px|||&#8220; animation_style=&#8220;fade&#8220; animation_duration=&#8220;500ms&#8220; use_border_color=&#8220;off&#8220; border_color=&#8220;#ffffff&#8220; border_style=&#8220;solid&#8220; animation=&#8220;fade_in&#8220; sticky=&#8220;off&#8220; always_center_on_mobile=&#8220;on&#8220; saved_tabs=&#8220;all&#8220; global_colors_info=&#8220;{}&#8220;][\/et_pb_image][et_pb_text admin_label=&#8220;Text aktivita&#8220; _builder_version=&#8220;4.16&#8243; background_size=&#8220;initial&#8220; background_position=&#8220;top_left&#8220; background_repeat=&#8220;repeat&#8220; min_height=&#8220;90.4px&#8220; use_border_color=&#8220;off&#8220; border_color=&#8220;#ffffff&#8220; border_style=&#8220;solid&#8220; saved_tabs=&#8220;all&#8220; global_colors_info=&#8220;{}&#8220;]<\/p>\n<h4 class=\"r\" style=\"text-align: center;\"><a href=\"http:\/\/www.aktivita-berlin.de\/\" target=\"_blank\" rel=\"noopener noreferrer\">aktivita-berlin<\/a><\/h4>\n<p class=\"views-field views-field-field-titel\" style=\"text-align: center;\">Existenzgr\u00fcndungsberatung und Coaching\u00a0 \u00b7\u00a0 Projektplanung- und Betreuung\u00a0 \u00b7\u00a0 Marketing- und Wirtschaftlichkeitsberatung<\/p>\n<p>[\/et_pb_text][\/et_pb_column][et_pb_column type=&#8220;1_3&#8243; _builder_version=&#8220;4.16&#8243; custom_padding=&#8220;|||&#8220; global_colors_info=&#8220;{}&#8220; custom_padding__hover=&#8220;|||&#8220;][\/et_pb_column][\/et_pb_row][\/et_pb_section][et_pb_section fb_built=&#8220;1&#8243; admin_label=&#8220;Sektion&#8220; _builder_version=&#8220;4.22.2&#8243; min_height=&#8220;21109.2px&#8220; custom_margin=&#8220;-2px|||||&#8220; custom_padding=&#8220;12px|||||&#8220; collapsed=&#8220;on&#8220; global_colors_info=&#8220;{}&#8220;][et_pb_row _builder_version=&#8220;4.16&#8243; background_size=&#8220;initial&#8220; background_position=&#8220;top_left&#8220; background_repeat=&#8220;repeat&#8220; custom_padding=&#8220;6px|||||&#8220; global_colors_info=&#8220;{}&#8220;][et_pb_column type=&#8220;4_4&#8243; _builder_version=&#8220;4.16&#8243; custom_padding=&#8220;|||&#8220; global_colors_info=&#8220;{}&#8220; custom_padding__hover=&#8220;|||&#8220;][et_pb_text admin_label=&#8220;Verkauf nur an Unternehmer, Gewerbetreibende, Freiberufler und \u00f6ffentliche Institutionen. Kein Verkauf an Verbraucher i.S.d. \u00a7 13 BGB.&#8220; _builder_version=&#8220;4.22.2&#8243; _module_preset=&#8220;default&#8220; min_height=&#8220;12px&#8220; custom_padding=&#8220;0px|||||&#8220; global_colors_info=&#8220;{}&#8220;]<\/p>\n<h1 style=\"text-align: center;\">Fr\u00fchjahrsaktion: <a href=\"https:\/\/www.olafrichter.de\/?page_id=453\">SONDERANGEBOTE<\/a> aus unserer Ausstellung<\/h1>\n<p>[\/et_pb_text][et_pb_blurb title_last_edited=&#8220;off|desktop&#8220; _builder_version=&#8220;4.22.2&#8243; _module_preset=&#8220;default&#8220; custom_padding=&#8220;0px|||||&#8220; global_colors_info=&#8220;{}&#8220; title__hover_enabled=&#8220;off|desktop&#8220;]<\/p>\n<p style=\"text-align: center;\"><strong>F\u00fcr Besichtigungsw\u00fcnsche bitten wir um Terminvereinbarung.<\/strong><\/p>\n<p style=\"text-align: center;\">Verkauf nur an Unternehmer, Gewerbetreibende, Freiberufler und \u00f6ffentliche Institutionen. Kein Verkauf an Verbraucher i.S.d. \u00a7 13 BGB..<\/p>\n<p>[\/et_pb_blurb][\/et_pb_column][\/et_pb_row][et_pb_row disabled_on=&#8220;on|on|on&#8220; _builder_version=&#8220;4.16&#8243; background_size=&#8220;initial&#8220; background_position=&#8220;top_left&#8220; background_repeat=&#8220;repeat&#8220; disabled=&#8220;on&#8220; global_colors_info=&#8220;{}&#8220;][et_pb_column type=&#8220;4_4&#8243; _builder_version=&#8220;4.16&#8243; custom_padding=&#8220;|||&#8220; global_colors_info=&#8220;{}&#8220; custom_padding__hover=&#8220;|||&#8220;][et_pb_divider color=&#8220;#E02B20&#8243; disabled_on=&#8220;on|on|on&#8220; _builder_version=&#8220;4.22.2&#8243; _module_preset=&#8220;default&#8220; disabled=&#8220;on&#8220; global_colors_info=&#8220;{}&#8220;][\/et_pb_divider][et_pb_image src=&#8220;https:\/\/www.olafrichter.de\/wp-content\/uploads\/2025\/12\/35581112_Liege-Solid-E2-Ben_20251211.png&#8220; alt=&#8220;Cosimed Desinfektionsmittel&#8220; title_text=&#8220;35581112_Liege-Solid-E2-Ben_20251211&#8243; disabled_on=&#8220;on|on|on&#8220; _builder_version=&#8220;4.22.2&#8243; _module_preset=&#8220;default&#8220; disabled=&#8220;on&#8220; global_colors_info=&#8220;{}&#8220;][\/et_pb_image][\/et_pb_column][\/et_pb_row][et_pb_row column_structure=&#8220;1_3,1_3,1_3&#8243; disabled_on=&#8220;on|on|on&#8220; _builder_version=&#8220;4.16&#8243; _module_preset=&#8220;default&#8220; min_height=&#8220;306.6px&#8220; custom_padding=&#8220;28px|||||&#8220; disabled=&#8220;on&#8220; global_colors_info=&#8220;{}&#8220;][et_pb_column type=&#8220;1_3&#8243; _builder_version=&#8220;4.16&#8243; _module_preset=&#8220;default&#8220; global_colors_info=&#8220;{}&#8220;][et_pb_text disabled_on=&#8220;on|on|on&#8220; _builder_version=&#8220;4.22.2&#8243; _module_preset=&#8220;default&#8220; min_height=&#8220;158.8px&#8220; custom_padding=&#8220;||0px|||&#8220; disabled=&#8220;on&#8220; global_colors_info=&#8220;{}&#8220;]<\/p>\n<h2>Liege Solid E2 Ben<\/h2>\n<p>Artikelnummer 35581112<\/p>\n<p>\u00dcblicher Handelspreis: 1.865,00 Euro zz\u00fcgl. Ust<\/p>\n<p>&nbsp;<\/p>\n<p>&nbsp;<\/p>\n<p>&nbsp;<\/p>\n<p>&nbsp;<\/p>\n<p>[\/et_pb_text][\/et_pb_column][et_pb_column type=&#8220;1_3&#8243; _builder_version=&#8220;4.16&#8243; _module_preset=&#8220;default&#8220; global_colors_info=&#8220;{}&#8220;][et_pb_text disabled_on=&#8220;on|on|on&#8220; _builder_version=&#8220;4.22.2&#8243; _module_preset=&#8220;default&#8220; disabled=&#8220;on&#8220; global_colors_info=&#8220;{}&#8220;]<\/p>\n<h2>Beschreibung<\/h2>\n<p>Therapieliege Solid Ben, neuwertig.<br \/>&#8211; zweiteiliges Polster in Skai\u00ae Tundra Anthrazit: Gesamth\u00f6he von 6 cm, Polsterbreite 65 cm<br \/>&#8211; L\u00e4nge des Kopfteils 38 cm, L\u00e4nge des festen Rumpfteils 157 cm<br \/>&#8211; Kopfteil mit Nasenschlitz inklusive Einsatz, stufenlos einstellbar von +45\u00b0 bis -50\u00b0 mittels Gasfeder<br \/>&#8211; BfArM konform dank &#8222;integrierter Sicherheit&#8220;<br \/>&#8211; hochwertiges Gestell in wei\u00df (RAL 9010)<br \/>&#8211; fahrbar durch zwei Laufr\u00e4der mit rutschfester Lauffl\u00e4che im Kopfteilbereich<br \/>&#8211; Belastbarkeit bis 200 kg<br \/>&#8211; elektrische stufenlose H\u00f6henverstellung ohne horizontalen Versatz<br \/>&#8211; Handschalter f\u00fcr elektrische H\u00f6henverstellung<\/p>\n<p>[\/et_pb_text][\/et_pb_column][et_pb_column type=&#8220;1_3&#8243; _builder_version=&#8220;4.16&#8243; _module_preset=&#8220;default&#8220; global_colors_info=&#8220;{}&#8220;][et_pb_text disabled_on=&#8220;on|on|on&#8220; _builder_version=&#8220;4.22.2&#8243; _module_preset=&#8220;default&#8220; custom_padding=&#8220;||35px|||&#8220; disabled=&#8220;on&#8220; global_colors_info=&#8220;{}&#8220;]<\/p>\n<h2><span style=\"color: #e02b20;\">Ausstellungsst\u00fcck Einzelpreis<\/span><\/h2>\n<p><strong><span style=\"color: #e02b20;\"><span style=\"text-decoration: underline;\">1.390,00<\/span> EURO <\/span><\/strong>zz\u00fcgl. 19% Ust<\/p>\n<p>Der Sonderpreis gilt f\u00fcr Selbstabholung.<br \/>Die Lieferung kann von uns f\u00fcr Sie kostenpflichtig organisiert werden.<\/p>\n<p>Bestellung per Email, Telefon oder Telefax:<\/p>\n<p><a href=\"mailto:information@olafrichter.de\">information@olafrichter.de<\/a><br \/>Telefon: (030) 341 64 73<br \/>Telefax: (030) 341 75 35<\/p>\n<p>[\/et_pb_text][\/et_pb_column][\/et_pb_row][et_pb_row _builder_version=&#8220;4.22.2&#8243; _module_preset=&#8220;default&#8220; global_colors_info=&#8220;{}&#8220;][et_pb_column type=&#8220;4_4&#8243; _builder_version=&#8220;4.22.2&#8243; _module_preset=&#8220;default&#8220; global_colors_info=&#8220;{}&#8220;][et_pb_divider color=&#8220;#E02B20&#8243; _builder_version=&#8220;4.22.2&#8243; _module_preset=&#8220;default&#8220; global_colors_info=&#8220;{}&#8220;][\/et_pb_divider][\/et_pb_column][\/et_pb_row][et_pb_row _builder_version=&#8220;4.22.2&#8243; _module_preset=&#8220;default&#8220; global_colors_info=&#8220;{}&#8220;][et_pb_column type=&#8220;4_4&#8243; _builder_version=&#8220;4.22.2&#8243; _module_preset=&#8220;default&#8220; global_colors_info=&#8220;{}&#8220;][et_pb_image src=&#8220;https:\/\/www.olafrichter.de\/wp-content\/uploads\/2025\/12\/35577643_Liege-Solid-E6-KarlsRuhe_a_20251211.png&#8220; title_text=&#8220;35577643_Liege-Solid-E6-KarlsRuhe_a_20251211&#8243; _builder_version=&#8220;4.22.2&#8243; _module_preset=&#8220;default&#8220; global_colors_info=&#8220;{}&#8220;][\/et_pb_image][\/et_pb_column][\/et_pb_row][et_pb_row _builder_version=&#8220;4.22.2&#8243; _module_preset=&#8220;default&#8220; global_colors_info=&#8220;{}&#8220;][et_pb_column type=&#8220;4_4&#8243; _builder_version=&#8220;4.22.2&#8243; _module_preset=&#8220;default&#8220; global_colors_info=&#8220;{}&#8220;][et_pb_image src=&#8220;https:\/\/www.olafrichter.de\/wp-content\/uploads\/2025\/12\/35577643_Liege-Solid-E6-KarlsRuhe_b_20251211.png&#8220; title_text=&#8220;35577643_Liege-Solid-E6-KarlsRuhe_b_20251211&#8243; _builder_version=&#8220;4.22.2&#8243; _module_preset=&#8220;default&#8220; global_colors_info=&#8220;{}&#8220;][\/et_pb_image][et_pb_image src=&#8220;https:\/\/www.olafrichter.de\/wp-content\/uploads\/2025\/12\/35577643_Liege-Solid-E6-KarlsRuhe_c_20251216.png&#8220; title_text=&#8220;35577643_Liege-Solid-E6-KarlsRuhe_c_20251216&#8243; _builder_version=&#8220;4.22.2&#8243; _module_preset=&#8220;default&#8220; global_colors_info=&#8220;{}&#8220;][\/et_pb_image][\/et_pb_column][\/et_pb_row][et_pb_row column_structure=&#8220;1_3,1_3,1_3&#8243; _builder_version=&#8220;4.16&#8243; _module_preset=&#8220;default&#8220; global_colors_info=&#8220;{}&#8220;][et_pb_column type=&#8220;1_3&#8243; _builder_version=&#8220;4.16&#8243; _module_preset=&#8220;default&#8220; global_colors_info=&#8220;{}&#8220;][et_pb_text _builder_version=&#8220;4.22.2&#8243; _module_preset=&#8220;default&#8220; min_height=&#8220;158.8px&#8220; custom_padding=&#8220;1px||0px|||&#8220; global_colors_info=&#8220;{}&#8220;]<\/p>\n<h2>Liege Solid E6 KarlsRuhe<\/h2>\n<p>Artikelnummer: 35577643<\/p>\n<p>\u00fcblicher Handelspreis: 3.890,00 Euro zz\u00fcgl. Ust<\/p>\n<p>&nbsp;<\/p>\n<p>&nbsp;<\/p>\n<p>[\/et_pb_text][\/et_pb_column][et_pb_column type=&#8220;1_3&#8243; _builder_version=&#8220;4.16&#8243; _module_preset=&#8220;default&#8220; global_colors_info=&#8220;{}&#8220;][et_pb_text _builder_version=&#8220;4.22.2&#8243; _module_preset=&#8220;default&#8220; global_colors_info=&#8220;{}&#8220;]<\/p>\n<h2>Beschreibung<\/h2>\n<p>Therapieliege\u00a0E6 KarlsRuhe, neuwertig.<br \/>L\u00e4nge 185 cm (Fu\u00dfteil um 10 cm ausziehbar auf 195 cm), Breite 65 cm, H\u00f6he 46-89 cm; sechsteiliges Polster Dynamik (H\u00f6he=8 cm): spezielles, vierlagiges Polster mit progressivem Innenaufbau f\u00fcr optimalen Liegekomfort in der Dachstellung; L\u00e4nge des beweglichen Kopfteils 38 cm, L\u00e4nge des festen Rumpfteils 157 cm mit zwei fest am Kopfteil positionierten Armauflagen; Kopfteil mit Nasenschlitz, stufenlos einstellbar von +30\u00b0 bis -35\u00b0 mittels Gasfeder, serienm\u00e4\u00dfig mit Polstereinsatz; Dach- und Schr\u00e4gstellung mit 2 Motoren;<br \/>\u00b7 Verstellung \u00fcber Handschalter<br \/>\u00b7 Brustteil separat verstellbar von 0\u00b0 bis +15\u00b0<br \/>\u00b7 Beckenteil mit Fu\u00dfteil separat verstellbar von 0\u00b0 bis +10\u00b0; Gestellfarbe: serienm\u00e4\u00dfig grau-aluminium (RAL 9007); fahrbar durch zwei Laufr\u00e4der mit rutschfester Lauffl\u00e4che im Kopfteilbereich; H\u00f6henverstellung ohne horizontalen Versatz, serienm\u00e4\u00dfig mittels Handschalter; Polsterqualit\u00e4t\/Farbe: RIO\/<\/p>\n<p>[\/et_pb_text][\/et_pb_column][et_pb_column type=&#8220;1_3&#8243; _builder_version=&#8220;4.16&#8243; _module_preset=&#8220;default&#8220; global_colors_info=&#8220;{}&#8220;][et_pb_text _builder_version=&#8220;4.22.2&#8243; _module_preset=&#8220;default&#8220; custom_padding=&#8220;||2px|||&#8220; global_colors_info=&#8220;{}&#8220;]<\/p>\n<h2><span style=\"color: #e02b20;\">Ausstellungsst\u00fcck Einzelpreis<\/span><\/h2>\n<p><strong><span style=\"color: #e02b20;\"><span style=\"text-decoration: underline;\">2.920,00<\/span> EURO <\/span><\/strong>zz\u00fcgl. 19% Ust<\/p>\n<p>Der Sonderpreis gilt f\u00fcr Selbstabholung.<br \/>Die Lieferung kann von uns f\u00fcr Sie kostenpflichtig organisiert werden.<\/p>\n<p>Bestellung per Email, Telefon oder Telefax:<\/p>\n<p><a href=\"mailto:information@olafrichter.de\">information@olafrichter.de<\/a><br \/>Telefon: (030) 341 64 73<br \/>Telefax: (030) 341 75 35<\/p>\n<p>&nbsp;<\/p>\n<p>[\/et_pb_text][\/et_pb_column][\/et_pb_row][et_pb_row _builder_version=&#8220;4.22.2&#8243; _module_preset=&#8220;default&#8220; custom_margin=&#8220;|auto|-41px|auto||&#8220; global_colors_info=&#8220;{}&#8220;][et_pb_column type=&#8220;4_4&#8243; _builder_version=&#8220;4.22.2&#8243; _module_preset=&#8220;default&#8220; global_colors_info=&#8220;{}&#8220;][et_pb_divider color=&#8220;#E02B20&#8243; _builder_version=&#8220;4.22.2&#8243; _module_preset=&#8220;default&#8220; global_colors_info=&#8220;{}&#8220;][\/et_pb_divider][\/et_pb_column][\/et_pb_row][et_pb_row _builder_version=&#8220;4.22.2&#8243; _module_preset=&#8220;default&#8220; global_colors_info=&#8220;{}&#8220;][et_pb_column type=&#8220;4_4&#8243; _builder_version=&#8220;4.22.2&#8243; _module_preset=&#8220;default&#8220; global_colors_info=&#8220;{}&#8220;][et_pb_image src=&#8220;https:\/\/www.olafrichter.de\/wp-content\/uploads\/2025\/12\/21620030_ProLine-Butterfly_20251211.png&#8220; title_text=&#8220;21620030_ProLine-Butterfly_20251211&#8243; _builder_version=&#8220;4.22.2&#8243; _module_preset=&#8220;default&#8220; global_colors_info=&#8220;{}&#8220;][\/et_pb_image][\/et_pb_column][\/et_pb_row][et_pb_row column_structure=&#8220;1_3,1_3,1_3&#8243; _builder_version=&#8220;4.16&#8243; _module_preset=&#8220;default&#8220; global_colors_info=&#8220;{}&#8220;][et_pb_column type=&#8220;1_3&#8243; _builder_version=&#8220;4.16&#8243; _module_preset=&#8220;default&#8220; global_colors_info=&#8220;{}&#8220;][et_pb_text _builder_version=&#8220;4.22.2&#8243; _module_preset=&#8220;default&#8220; min_height=&#8220;158.8px&#8220; custom_padding=&#8220;1px||0px|||&#8220; global_colors_info=&#8220;{}&#8220;]<\/p>\n<h2>ProLine Butterfly<\/h2>\n<p>Artikelnummer: 21620030<\/p>\n<p>\u00fcblicher Handelspreis: 4.050,00 Euro zz\u00fcgl. Ust.<\/p>\n<p>&nbsp;<\/p>\n<p>&nbsp;<\/p>\n<p>[\/et_pb_text][\/et_pb_column][et_pb_column type=&#8220;1_3&#8243; _builder_version=&#8220;4.16&#8243; _module_preset=&#8220;default&#8220; global_colors_info=&#8220;{}&#8220;][et_pb_text _builder_version=&#8220;4.22.2&#8243; _module_preset=&#8220;default&#8220; global_colors_info=&#8220;{}&#8220;]<\/p>\n<h2>Beschreibung<\/h2>\n<p>ProLine Kombinationsger\u00e4t Butterfly \/ Press Back, einfaches wechseln der Funktionen aus der Trainingsposition, Stufenlose Hebelarmverstellung f\u00fcr Verlagerung des Kraftansatzpunktes, Startposition einstellbar, R\u00fcckenneigung und Sitzh\u00f6he verstellbar, stufenlos einstellbare Weglimitierung Gewichtsbest\u00fcckung: 5 x 3 kg + 5 x 5 kg + 8 x 8 kg = 104 kg Ger\u00e4teabmessung: L143 cm x B105 cm x H207 cm Gesamtgewicht: 230 kg Polsterfarbe: port (bordeaux)<\/p>\n<p>[\/et_pb_text][\/et_pb_column][et_pb_column type=&#8220;1_3&#8243; _builder_version=&#8220;4.16&#8243; _module_preset=&#8220;default&#8220; global_colors_info=&#8220;{}&#8220;][et_pb_text _builder_version=&#8220;4.22.2&#8243; _module_preset=&#8220;default&#8220; custom_padding=&#8220;||2px|||&#8220; global_colors_info=&#8220;{}&#8220;]<\/p>\n<h3><span style=\"color: #e02b20;\">Ausstellungsst\u00fcck Einzelpreis<\/span><\/h3>\n<p><strong><span style=\"color: #e02b20;\"><span style=\"text-decoration: underline;\">1.000,00<\/span> EURO <\/span><\/strong>zz\u00fcgl. 19% Ust<\/p>\n<p>Der Sonderpreis gilt f\u00fcr Selbstabholung.<br \/>Die Lieferung kann von uns f\u00fcr Sie kostenpflichtig organisiert werden.<\/p>\n<p>Bestellung per Email, Telefon oder Telefax:<\/p>\n<p><a href=\"mailto:information@olafrichter.de\">information@olafrichter.de<\/a><br \/>Telefon: (030) 341 64 73<br \/>Telefax: (030) 341 75 35<\/p>\n<p>&nbsp;<\/p>\n<p>[\/et_pb_text][\/et_pb_column][\/et_pb_row][et_pb_row _builder_version=&#8220;4.22.2&#8243; _module_preset=&#8220;default&#8220; global_colors_info=&#8220;{}&#8220;][et_pb_column type=&#8220;4_4&#8243; _builder_version=&#8220;4.22.2&#8243; _module_preset=&#8220;default&#8220; global_colors_info=&#8220;{}&#8220;][et_pb_divider color=&#8220;#E02B20&#8243; _builder_version=&#8220;4.22.2&#8243; _module_preset=&#8220;default&#8220; global_colors_info=&#8220;{}&#8220;][\/et_pb_divider][\/et_pb_column][\/et_pb_row][et_pb_row _builder_version=&#8220;4.22.2&#8243; _module_preset=&#8220;default&#8220; global_colors_info=&#8220;{}&#8220;][et_pb_column type=&#8220;4_4&#8243; _builder_version=&#8220;4.22.2&#8243; _module_preset=&#8220;default&#8220; global_colors_info=&#8220;{}&#8220;][et_pb_image src=&#8220;https:\/\/www.olafrichter.de\/wp-content\/uploads\/2025\/12\/15200170_Trimilin_Sport_20251211.png&#8220; title_text=&#8220;15200170_Trimilin_Sport_20251211&#8243; _builder_version=&#8220;4.22.2&#8243; _module_preset=&#8220;default&#8220; global_colors_info=&#8220;{}&#8220;][\/et_pb_image][\/et_pb_column][\/et_pb_row][et_pb_row column_structure=&#8220;1_3,1_3,1_3&#8243; _builder_version=&#8220;4.16&#8243; _module_preset=&#8220;default&#8220; global_colors_info=&#8220;{}&#8220;][et_pb_column type=&#8220;1_3&#8243; _builder_version=&#8220;4.16&#8243; _module_preset=&#8220;default&#8220; global_colors_info=&#8220;{}&#8220;][et_pb_text _builder_version=&#8220;4.22.2&#8243; _module_preset=&#8220;default&#8220; min_height=&#8220;158.8px&#8220; custom_padding=&#8220;1px||0px|||&#8220; global_colors_info=&#8220;{}&#8220;]<\/p>\n<h2>Trimilin Sport<\/h2>\n<p>Artikelnummer: 15200170<\/p>\n<p>\u00fcblicher Handelspreis: 141,00 zz\u00fcgl. Ust.<\/p>\n<p>&nbsp;<\/p>\n<p>[\/et_pb_text][\/et_pb_column][et_pb_column type=&#8220;1_3&#8243; _builder_version=&#8220;4.16&#8243; _module_preset=&#8220;default&#8220; global_colors_info=&#8220;{}&#8220;][et_pb_text _builder_version=&#8220;4.22.2&#8243; _module_preset=&#8220;default&#8220; global_colors_info=&#8220;{}&#8220;]<\/p>\n<h2>Beschreibung<\/h2>\n<p>Trimilin Sport, Matte schwarz, Rand silber, \u00d8102 cm, belastbar bis ca. 125 kg<\/p>\n<p>[\/et_pb_text][\/et_pb_column][et_pb_column type=&#8220;1_3&#8243; _builder_version=&#8220;4.16&#8243; _module_preset=&#8220;default&#8220; global_colors_info=&#8220;{}&#8220;][et_pb_text _builder_version=&#8220;4.22.2&#8243; _module_preset=&#8220;default&#8220; custom_padding=&#8220;||2px|||&#8220; global_colors_info=&#8220;{}&#8220;]<\/p>\n<h3><span style=\"color: #e02b20;\">Ausstellungsst\u00fcck Einzelpreis<\/span><\/h3>\n<p><strong><span style=\"color: #e02b20;\">99,00 EURO <\/span><\/strong>zz\u00fcgl. 19% Ust<\/p>\n<p>Der Sonderpreis gilt f\u00fcr Selbstabholung.<br \/>Die Lieferung kann von uns f\u00fcr Sie kostenpflichtig organisiert werden.<\/p>\n<p>Bestellung per Email, Telefon oder Telefax:<\/p>\n<p><a href=\"mailto:information@olafrichter.de\">information@olafrichter.de<\/a><br \/>Telefon: (030) 341 64 73<br \/>Telefax: (030) 341 75 35<\/p>\n<p>&nbsp;<\/p>\n<p>[\/et_pb_text][\/et_pb_column][\/et_pb_row][et_pb_row _builder_version=&#8220;4.22.2&#8243; _module_preset=&#8220;default&#8220; global_colors_info=&#8220;{}&#8220;][et_pb_column type=&#8220;4_4&#8243; _builder_version=&#8220;4.22.2&#8243; _module_preset=&#8220;default&#8220; global_colors_info=&#8220;{}&#8220;][et_pb_divider color=&#8220;#E02B20&#8243; _builder_version=&#8220;4.22.2&#8243; _module_preset=&#8220;default&#8220; global_colors_info=&#8220;{}&#8220;][\/et_pb_divider][et_pb_image src=&#8220;https:\/\/www.olafrichter.de\/wp-content\/uploads\/2025\/12\/15200110_Trimilin_Med_20251211.png&#8220; title_text=&#8220;15200110_Trimilin_Med_20251211&#8243; _builder_version=&#8220;4.22.2&#8243; _module_preset=&#8220;default&#8220; global_colors_info=&#8220;{}&#8220;][\/et_pb_image][\/et_pb_column][\/et_pb_row][et_pb_row column_structure=&#8220;1_3,1_3,1_3&#8243; _builder_version=&#8220;4.16&#8243; _module_preset=&#8220;default&#8220; global_colors_info=&#8220;{}&#8220;][et_pb_column type=&#8220;1_3&#8243; _builder_version=&#8220;4.16&#8243; _module_preset=&#8220;default&#8220; global_colors_info=&#8220;{}&#8220;][et_pb_text _builder_version=&#8220;4.22.2&#8243; _module_preset=&#8220;default&#8220; min_height=&#8220;158.8px&#8220; custom_padding=&#8220;1px||0px|||&#8220; global_colors_info=&#8220;{}&#8220;]<\/p>\n<h2>Trimilin Med<\/h2>\n<p>Artikelnummer: 15200110<\/p>\n<p>\u00fcblicher Handelspreis: 184,00 Euro zz\u00fcgl. Ust.<\/p>\n<p>&nbsp;<\/p>\n<p>[\/et_pb_text][\/et_pb_column][et_pb_column type=&#8220;1_3&#8243; _builder_version=&#8220;4.16&#8243; _module_preset=&#8220;default&#8220; global_colors_info=&#8220;{}&#8220;][et_pb_text _builder_version=&#8220;4.22.2&#8243; _module_preset=&#8220;default&#8220; global_colors_info=&#8220;{}&#8220;]<\/p>\n<h2>Beschreibung<\/h2>\n<p>Trimilin Med, Matte blau, Rand silber, \u00d8102 cm; belastbar bis ca. 110 kg<\/p>\n<p>[\/et_pb_text][\/et_pb_column][et_pb_column type=&#8220;1_3&#8243; _builder_version=&#8220;4.16&#8243; _module_preset=&#8220;default&#8220; global_colors_info=&#8220;{}&#8220;][et_pb_text _builder_version=&#8220;4.22.2&#8243; _module_preset=&#8220;default&#8220; custom_padding=&#8220;||2px|||&#8220; global_colors_info=&#8220;{}&#8220;]<\/p>\n<h3><span style=\"color: #e02b20;\">Ausstellungsst\u00fcck Einzelpreis<\/span><\/h3>\n<p><strong><span style=\"color: #e02b20;\">138,00 EURO <\/span><\/strong>zz\u00fcgl. 19% Ust<\/p>\n<p>Der Sonderpreis gilt f\u00fcr Selbstabholung.<br \/>Die Lieferung kann von uns f\u00fcr Sie kostenpflichtig organisiert werden.<\/p>\n<p>Bestellung per Email, Telefon oder Telefax:<\/p>\n<p><a href=\"mailto:information@olafrichter.de\">information@olafrichter.de<\/a><br \/>Telefon: (030) 341 64 73<br \/>Telefax: (030) 341 75 35<\/p>\n<p>[\/et_pb_text][\/et_pb_column][\/et_pb_row][et_pb_row _builder_version=&#8220;4.22.2&#8243; _module_preset=&#8220;default&#8220; global_colors_info=&#8220;{}&#8220;][et_pb_column type=&#8220;4_4&#8243; _builder_version=&#8220;4.22.2&#8243; _module_preset=&#8220;default&#8220; global_colors_info=&#8220;{}&#8220;][et_pb_divider color=&#8220;#E02B20&#8243; _builder_version=&#8220;4.22.2&#8243; _module_preset=&#8220;default&#8220; global_colors_info=&#8220;{}&#8220;][\/et_pb_divider][et_pb_image src=&#8220;https:\/\/www.olafrichter.de\/wp-content\/uploads\/2025\/12\/1520V198_Trimilin_Vario-100-plus_20251211.png&#8220; title_text=&#8220;1520V198_Trimilin_Vario-100-plus_20251211&#8243; _builder_version=&#8220;4.22.2&#8243; _module_preset=&#8220;default&#8220; global_colors_info=&#8220;{}&#8220;][\/et_pb_image][\/et_pb_column][\/et_pb_row][et_pb_row column_structure=&#8220;1_3,1_3,1_3&#8243; _builder_version=&#8220;4.16&#8243; _module_preset=&#8220;default&#8220; global_colors_info=&#8220;{}&#8220;][et_pb_column type=&#8220;1_3&#8243; _builder_version=&#8220;4.16&#8243; _module_preset=&#8220;default&#8220; global_colors_info=&#8220;{}&#8220;][et_pb_text _builder_version=&#8220;4.22.2&#8243; _module_preset=&#8220;default&#8220; min_height=&#8220;158.8px&#8220; custom_padding=&#8220;1px||0px|||&#8220; global_colors_info=&#8220;{}&#8220;]<\/p>\n<h2>Trimilin Vario 100 Plus<\/h2>\n<p>Artikelnummer: 1520V198<\/p>\n<p>\u00fcblicher Handelspreis: 276,50 Euro zz\u00fcgl. Ust.<\/p>\n<p>&nbsp;<\/p>\n<p>[\/et_pb_text][\/et_pb_column][et_pb_column type=&#8220;1_3&#8243; _builder_version=&#8220;4.16&#8243; _module_preset=&#8220;default&#8220; global_colors_info=&#8220;{}&#8220;][et_pb_text _builder_version=&#8220;4.22.2&#8243; _module_preset=&#8220;default&#8220; global_colors_info=&#8220;{}&#8220;]<\/p>\n<h2>Beschreibung<\/h2>\n<p>Trimilin Vario 100 plus, Matte schwarz, Rand silber, \u00d8102 cm, 12 einzelne Gummikabel mit neuartigem Aufh\u00e4nge- und Spannsystem zum individuellen einstellen des H\u00e4rtegrades, einklappbare Beine, belastbar bis ca. 110 kg<\/p>\n<p>[\/et_pb_text][\/et_pb_column][et_pb_column type=&#8220;1_3&#8243; _builder_version=&#8220;4.16&#8243; _module_preset=&#8220;default&#8220; global_colors_info=&#8220;{}&#8220;][et_pb_text _builder_version=&#8220;4.22.2&#8243; _module_preset=&#8220;default&#8220; custom_padding=&#8220;||2px|||&#8220; global_colors_info=&#8220;{}&#8220;]<\/p>\n<h3><span style=\"color: #e02b20;\">Ausstellungsst\u00fcck Einzelpreis<\/span><\/h3>\n<p><strong><span style=\"color: #e02b20;\">208,00 EURO <\/span><\/strong>zz\u00fcgl. 19% Ust<\/p>\n<p>Der Sonderpreis gilt f\u00fcr Selbstabholung.<br \/>Die Lieferung kann von uns f\u00fcr Sie kostenpflichtig organisiert werden.<\/p>\n<p>Bestellung per Email, Telefon oder Telefax:<\/p>\n<p><a href=\"mailto:information@olafrichter.de\">information@olafrichter.de<\/a><br \/>Telefon: (030) 341 64 73<br \/>Telefax: (030) 341 75 35<\/p>\n<p>[\/et_pb_text][\/et_pb_column][\/et_pb_row][et_pb_row _builder_version=&#8220;4.22.2&#8243; _module_preset=&#8220;default&#8220; global_colors_info=&#8220;{}&#8220;][et_pb_column type=&#8220;4_4&#8243; _builder_version=&#8220;4.22.2&#8243; _module_preset=&#8220;default&#8220; global_colors_info=&#8220;{}&#8220;][et_pb_divider color=&#8220;#E02B20&#8243; _builder_version=&#8220;4.22.2&#8243; _module_preset=&#8220;default&#8220; global_colors_info=&#8220;{}&#8220;][\/et_pb_divider][et_pb_image src=&#8220;https:\/\/www.olafrichter.de\/wp-content\/uploads\/2025\/12\/1520V197_Trimilin_Vario-100_20251211.png&#8220; title_text=&#8220;1520V197_Trimilin_Vario-100_20251211&#8243; _builder_version=&#8220;4.22.2&#8243; _module_preset=&#8220;default&#8220; global_colors_info=&#8220;{}&#8220;][\/et_pb_image][\/et_pb_column][\/et_pb_row][et_pb_row column_structure=&#8220;1_3,1_3,1_3&#8243; _builder_version=&#8220;4.16&#8243; _module_preset=&#8220;default&#8220; global_colors_info=&#8220;{}&#8220;][et_pb_column type=&#8220;1_3&#8243; _builder_version=&#8220;4.16&#8243; _module_preset=&#8220;default&#8220; global_colors_info=&#8220;{}&#8220;][et_pb_text _builder_version=&#8220;4.22.2&#8243; _module_preset=&#8220;default&#8220; min_height=&#8220;158.8px&#8220; custom_padding=&#8220;1px||0px|||&#8220; global_colors_info=&#8220;{}&#8220;]<\/p>\n<h2>Trimilin Vario 100<\/h2>\n<p>Artikelnummer: 1520V197<\/p>\n<p>\u00fcblicher Handelspreis: 234,45 Euro zz\u00fcgl. Ust.<\/p>\n<p>&nbsp;<\/p>\n<p>[\/et_pb_text][\/et_pb_column][et_pb_column type=&#8220;1_3&#8243; _builder_version=&#8220;4.16&#8243; _module_preset=&#8220;default&#8220; global_colors_info=&#8220;{}&#8220;][et_pb_text _builder_version=&#8220;4.22.2&#8243; _module_preset=&#8220;default&#8220; global_colors_info=&#8220;{}&#8220;]<\/p>\n<h2>Beschreibung<\/h2>\n<p>Trimilin Vario 100, Matte blau, Rand silber, \u00d8102 cm, 12 einzelne Gummikabel mit neuartigem Aufh\u00e4nge- und Spannsystem zum individuellen einstellen des H\u00e4rtegrades, belastbar bis ca. 110 kg<\/p>\n<p>[\/et_pb_text][\/et_pb_column][et_pb_column type=&#8220;1_3&#8243; _builder_version=&#8220;4.16&#8243; _module_preset=&#8220;default&#8220; global_colors_info=&#8220;{}&#8220;][et_pb_text _builder_version=&#8220;4.22.2&#8243; _module_preset=&#8220;default&#8220; custom_padding=&#8220;||2px|||&#8220; global_colors_info=&#8220;{}&#8220;]<\/p>\n<h3><span style=\"color: #e02b20;\">Ausstellungsst\u00fcck Einzelpreis<\/span><\/h3>\n<p><strong><span style=\"color: #e02b20;\">176,00 EURO <\/span><\/strong>zz\u00fcgl. 19% Ust<\/p>\n<p>Der Sonderpreis gilt f\u00fcr Selbstabholung.<br \/>Die Lieferung kann von uns f\u00fcr Sie kostenpflichtig organisiert werden.<\/p>\n<p>Bestellung per Email, Telefon oder Telefax:<\/p>\n<p><a href=\"mailto:information@olafrichter.de\">information@olafrichter.de<\/a><br \/>Telefon: (030) 341 64 73<br \/>Telefax: (030) 341 75 35<\/p>\n<p>[\/et_pb_text][\/et_pb_column][\/et_pb_row][et_pb_row _builder_version=&#8220;4.22.2&#8243; _module_preset=&#8220;default&#8220; global_colors_info=&#8220;{}&#8220;][et_pb_column type=&#8220;4_4&#8243; _builder_version=&#8220;4.22.2&#8243; _module_preset=&#8220;default&#8220; global_colors_info=&#8220;{}&#8220;][et_pb_divider color=&#8220;#E02B20&#8243; _builder_version=&#8220;4.22.2&#8243; _module_preset=&#8220;default&#8220; global_colors_info=&#8220;{}&#8220;][\/et_pb_divider][et_pb_image src=&#8220;https:\/\/www.olafrichter.de\/wp-content\/uploads\/2025\/12\/16600402_Gehgestell-Aventia-reziprok_20251211s.png&#8220; title_text=&#8220;16600402_Gehgestell-Aventia-reziprok_20251211s&#8220; _builder_version=&#8220;4.22.2&#8243; _module_preset=&#8220;default&#8220; global_colors_info=&#8220;{}&#8220;][\/et_pb_image][\/et_pb_column][\/et_pb_row][et_pb_row column_structure=&#8220;1_3,1_3,1_3&#8243; _builder_version=&#8220;4.16&#8243; _module_preset=&#8220;default&#8220; global_colors_info=&#8220;{}&#8220;][et_pb_column type=&#8220;1_3&#8243; _builder_version=&#8220;4.16&#8243; _module_preset=&#8220;default&#8220; global_colors_info=&#8220;{}&#8220;][et_pb_text _builder_version=&#8220;4.22.2&#8243; _module_preset=&#8220;default&#8220; min_height=&#8220;158.8px&#8220; custom_padding=&#8220;1px||0px|||&#8220; global_colors_info=&#8220;{}&#8220;]<\/p>\n<h2>Gehgestell Aventia reziprok<\/h2>\n<p>Artikelnummer: 16600402<\/p>\n<p>\u00fcblicher Handelspreis: 126,17 Euro zz\u00fcgl. Ust.<\/p>\n<p>&nbsp;<\/p>\n<p>[\/et_pb_text][\/et_pb_column][et_pb_column type=&#8220;1_3&#8243; _builder_version=&#8220;4.16&#8243; _module_preset=&#8220;default&#8220; global_colors_info=&#8220;{}&#8220;][et_pb_text _builder_version=&#8220;4.22.2&#8243; _module_preset=&#8220;default&#8220; global_colors_info=&#8220;{}&#8220;]<\/p>\n<h2>Beschreibung<\/h2>\n<p>Gehgestell Aventia, sicher, reziprok und faltbar. Gro\u00dfe H\u00f6henverstellbarkeit von 80 cm bis 90 cm, Gelenke im Gehgestell simulieren nat\u00fcrliches Gehen, zusammenfaltbar f\u00fcr platzsparende Lagerung. Gewicht 2,8 kg, belastbar bis 100 kg, Gestellfarbe silber.<\/p>\n<p>[\/et_pb_text][\/et_pb_column][et_pb_column type=&#8220;1_3&#8243; _builder_version=&#8220;4.16&#8243; _module_preset=&#8220;default&#8220; global_colors_info=&#8220;{}&#8220;][et_pb_text _builder_version=&#8220;4.22.2&#8243; _module_preset=&#8220;default&#8220; custom_padding=&#8220;||2px|||&#8220; global_colors_info=&#8220;{}&#8220;]<\/p>\n<h3><span style=\"color: #e02b20;\">Ausstellungsst\u00fcck Einzelpreis<\/span><\/h3>\n<p><strong><span style=\"color: #e02b20;\">50,00 EURO <\/span><\/strong>zz\u00fcgl. 19% Ust<\/p>\n<p>Der Sonderpreis gilt f\u00fcr Selbstabholung.<br \/>Die Lieferung kann von uns f\u00fcr Sie kostenpflichtig organisiert werden.<\/p>\n<p>Bestellung per Email, Telefon oder Telefax:<\/p>\n<p><a href=\"mailto:information@olafrichter.de\">information@olafrichter.de<\/a><br \/>Telefon: (030) 341 64 73<br \/>Telefax: (030) 341 75 35<\/p>\n<p>[\/et_pb_text][\/et_pb_column][\/et_pb_row][et_pb_row _builder_version=&#8220;4.22.2&#8243; _module_preset=&#8220;default&#8220; global_colors_info=&#8220;{}&#8220;][et_pb_column type=&#8220;4_4&#8243; _builder_version=&#8220;4.22.2&#8243; _module_preset=&#8220;default&#8220; global_colors_info=&#8220;{}&#8220;][et_pb_divider color=&#8220;#E02B20&#8243; _builder_version=&#8220;4.22.2&#8243; _module_preset=&#8220;default&#8220; global_colors_info=&#8220;{}&#8220;][\/et_pb_divider][et_pb_image src=&#8220;https:\/\/www.olafrichter.de\/wp-content\/uploads\/2025\/12\/Haider_Alle_251211.png&#8220; title_text=&#8220;Haider_Alle_251211&#8243; _builder_version=&#8220;4.22.2&#8243; _module_preset=&#8220;default&#8220; global_colors_info=&#8220;{}&#8220;][\/et_pb_image][\/et_pb_column][\/et_pb_row][et_pb_row column_structure=&#8220;1_3,1_3,1_3&#8243; _builder_version=&#8220;4.16&#8243; _module_preset=&#8220;default&#8220; global_colors_info=&#8220;{}&#8220;][et_pb_column type=&#8220;1_3&#8243; _builder_version=&#8220;4.16&#8243; _module_preset=&#8220;default&#8220; global_colors_info=&#8220;{}&#8220;][et_pb_text _builder_version=&#8220;4.22.2&#8243; _module_preset=&#8220;default&#8220; min_height=&#8220;158.8px&#8220; custom_padding=&#8220;1px||0px|||&#8220; global_colors_info=&#8220;{}&#8220;]<\/p>\n<h2>BIOSWING Schwingst\u00e4be und Stand-Stativ<\/h2>\n<p>Gro\u00dfe Schwingstange: Propriomed 1<br \/>Artikelnummer 59103001<br \/>\u00fcblicher Handelspreis: 364,00 Euro<\/p>\n<p>Mittlere Schwingstange: Bioswing Improve<br \/>Artikelnummer 59130210<br \/>\u00fcblicher Handelspreis: 157,14 Euro<\/p>\n<p>Kleine Schwingstange: Propriomed 100<br \/>Artikelnummer 59105003<br \/>\u00fcblicher Handelspreis: 238,00 Euro<\/p>\n<p>Propriomed\/Improve 8er Stativ<br \/>Artikelnummer 59105000<br \/>\u00fcblicher Handelspreis: 179,00 Euro<\/p>\n<p>&nbsp;<\/p>\n<p>[\/et_pb_text][\/et_pb_column][et_pb_column type=&#8220;1_3&#8243; _builder_version=&#8220;4.16&#8243; _module_preset=&#8220;default&#8220; global_colors_info=&#8220;{}&#8220;][et_pb_text _builder_version=&#8220;4.22.2&#8243; _module_preset=&#8220;default&#8220; global_colors_info=&#8220;{}&#8220;]<\/p>\n<h2>Beschreibung<\/h2>\n<p>Gro\u00dfe Schwingstange: Propriomed 1, gelb, Frequenzen von 3,0 bis 4,0 Hz, 190cm Schwingdrahtl\u00e4nge.<br \/>Zugelassen als Medizinprodukt der Klasse 1.<\/p>\n<p>Mittlere Schwingstange: Bioswing Improve 130, Frequenzregler pro Seite 3,8 &#8211; 5,0 Hz<\/p>\n<p>Kurze Schwingstange: Propriomed 100, silber, Frequenzen 4,8 bis 6,0 Hz, Schwingdrahtl\u00e4nge 100cm.<br \/>Zugelassen als Medizinprodukt der Klasse 1.<\/p>\n<p>Stand-Stativ mit 8 Halterungen f\u00fcr Propriomed<\/p>\n<p>[\/et_pb_text][\/et_pb_column][et_pb_column type=&#8220;1_3&#8243; _builder_version=&#8220;4.16&#8243; _module_preset=&#8220;default&#8220; global_colors_info=&#8220;{}&#8220;][et_pb_text _builder_version=&#8220;4.22.2&#8243; _module_preset=&#8220;default&#8220; custom_padding=&#8220;||2px|||&#8220; global_colors_info=&#8220;{}&#8220;]<\/p>\n<h3><span style=\"color: #e02b20;\">Ausstellungsst\u00fcck Einzelpreis<\/span><\/h3>\n<p>Gro\u00dfe Schwingstange: Propriomed 1<br \/><strong><span style=\"color: #e02b20;\">290,00 EURO <\/span><\/strong>zz\u00fcgl. 19% Ust<\/p>\n<p>Mittlere Schwingstange: Bioswing Improve<br \/><strong><span style=\"color: #e02b20;\">125,00 EURO <\/span><\/strong>zz\u00fcgl. 19% Ust<\/p>\n<p>Kleine Schwingstange: Propriomed 100<br \/><strong><span style=\"color: #e02b20;\">190,00 EURO <\/span><\/strong>zz\u00fcgl. 19% Ust<\/p>\n<p>Propriomed\/Improve 8er Stativ<br \/><strong><span style=\"color: #e02b20;\">140,00 EURO <\/span><\/strong>zz\u00fcgl. 19% Ust<\/p>\n<p>Der Sonderpreis gilt f\u00fcr Selbstabholung. Die Lieferung kann von uns f\u00fcr Sie kostenpflichtig organisiert werden.<\/p>\n<p>Bestellung per Email, Telefon oder Telefax:<\/p>\n<p><a href=\"mailto:information@olafrichter.de\">information@olafrichter.de<\/a><br \/>Telefon: (030) 341 64 73<br \/>Telefax: (030) 341 75 35<\/p>\n<p>[\/et_pb_text][\/et_pb_column][\/et_pb_row][et_pb_row disabled_on=&#8220;on|on|on&#8220; _builder_version=&#8220;4.27.5&#8243; background_size=&#8220;initial&#8220; background_position=&#8220;top_left&#8220; background_repeat=&#8220;repeat&#8220; disabled=&#8220;on&#8220; global_colors_info=&#8220;{}&#8220;][et_pb_column type=&#8220;4_4&#8243; _builder_version=&#8220;4.16&#8243; custom_padding=&#8220;|||&#8220; global_colors_info=&#8220;{}&#8220; custom_padding__hover=&#8220;|||&#8220;][et_pb_divider color=&#8220;#E02B20&#8243; _builder_version=&#8220;4.22.2&#8243; _module_preset=&#8220;default&#8220; global_colors_info=&#8220;{}&#8220;][\/et_pb_divider][et_pb_image src=&#8220;https:\/\/www.olafrichter.de\/wp-content\/uploads\/2021\/08\/Cosimed-Desinfektionsmittel.png&#8220; alt=&#8220;Cosimed Desinfektionsmittel&#8220; title_text=&#8220;Cosimed Desinfektionsmittel&#8220; _builder_version=&#8220;4.16&#8243; _module_preset=&#8220;default&#8220; global_colors_info=&#8220;{}&#8220;][\/et_pb_image][\/et_pb_column][\/et_pb_row][et_pb_row column_structure=&#8220;1_3,1_3,1_3&#8243; disabled_on=&#8220;on|on|on&#8220; _builder_version=&#8220;4.16&#8243; _module_preset=&#8220;default&#8220; custom_margin=&#8220;|auto|-74px|auto||&#8220; disabled=&#8220;on&#8220; global_colors_info=&#8220;{}&#8220;][et_pb_column type=&#8220;1_3&#8243; _builder_version=&#8220;4.16&#8243; _module_preset=&#8220;default&#8220; global_colors_info=&#8220;{}&#8220;][et_pb_text _builder_version=&#8220;4.16&#8243; _module_preset=&#8220;default&#8220; min_height=&#8220;158.8px&#8220; custom_padding=&#8220;||0px|||&#8220; global_colors_info=&#8220;{}&#8220;]<\/p>\n<h2>Desinfektion von Fl\u00e4chen<\/h2>\n<p>&nbsp;<\/p>\n<h3>Desinfektionsmittel Konzentrat 1 \/ 5 Liter<\/h3>\n<p>zur Desinfektion glatter, porenfreier Oberfl\u00e4chen; mit Wasser zur gebrauchsl\u00f6sung verd\u00fcnnen.<\/p>\n<p>Zu den Artikeln in unserem Shop:<\/p>\n<p><a href=\"https:\/\/sage-shop.com\/epages\/OlafRichterShop.sf\/de_DE\/?ObjectPath=\/Shops\/OlafRichterShop\/Products\/00600822\" target=\"_blank\" rel=\"noopener noreferrer\" title=\"Cosimed 1 Liter Fl\u00e4chendesinfektion\">Cosimed 1 Liter Fl\u00e4chendesinfektion<\/a><\/p>\n<p><a href=\"https:\/\/sage-shop.com\/epages\/OlafRichterShop.sf\/de_DE\/?ObjectPath=\/Shops\/OlafRichterShop\/Products\/00600809\" target=\"_blank\" rel=\"noopener noreferrer\" title=\"Cosimed 5 Liter Fl\u00e4chendesinfektion\">Cosimed 5 Liter Fl\u00e4chendesinfektion<\/a><\/p>\n<p>&nbsp;<\/p>\n<p>&nbsp;<\/p>\n<p>&nbsp;<\/p>\n<p>[\/et_pb_text][\/et_pb_column][et_pb_column type=&#8220;1_3&#8243; _builder_version=&#8220;4.16&#8243; _module_preset=&#8220;default&#8220; global_colors_info=&#8220;{}&#8220;][et_pb_text _builder_version=&#8220;4.16&#8243; _module_preset=&#8220;default&#8220; global_colors_info=&#8220;{}&#8220;]<\/p>\n<h3>Schnelldesinfektion 1\/5\/10 Liter<\/h3>\n<p>Gebrauchsfertige L\u00f6sung des Konzentrats, einfach anzuwenden: Aufspr\u00fchen, verteilen, eine Minute einwirken lassen und anschlie\u00dfend mit einem trockenen Tuch aufnehmen. 1 Liter Flaschen sidn wahlweise mit Spr\u00fchkopf erh\u00e4ltlich.<\/p>\n<p>Zu den Artikeln in unserem Shop:<\/p>\n<p><a href=\"https:\/\/sage-shop.com\/epages\/OlafRichterShop.sf\/de_DE\/?ObjectPath=\/Shops\/OlafRichterShop\/Products\/00600828\" target=\"_blank\" rel=\"noopener noreferrer\" title=\"Cosimed Schnelldesinfektion 1 Liter\">Cosimed Schnelldesinfektion 1 Liter<\/a><\/p>\n<p><a href=\"https:\/\/sage-shop.com\/epages\/OlafRichterShop.sf\/de_DE\/?ObjectPath=\/Shops\/OlafRichterShop\/Products\/00600833\" target=\"_blank\" rel=\"noopener noreferrer\" title=\"Cosimed Schnelldesinfektion 5 Liter\">Cosimed Schnelldesinfektion 5 Liter<\/a><\/p>\n<p><a href=\"https:\/\/sage-shop.com\/epages\/OlafRichterShop.sf\/de_DE\/?ObjectPath=\/Shops\/OlafRichterShop\/Products\/00600832\" target=\"_blank\" rel=\"noopener noreferrer\" title=\"Cosimed Schnelldesinfektion 10 Liter\">Cosimed Schnelldesinfektion 10 Liter<\/a><\/p>\n<p>[\/et_pb_text][\/et_pb_column][et_pb_column type=&#8220;1_3&#8243; _builder_version=&#8220;4.16&#8243; _module_preset=&#8220;default&#8220; global_colors_info=&#8220;{}&#8220;][et_pb_text _builder_version=&#8220;4.16&#8243; _module_preset=&#8220;default&#8220; global_colors_info=&#8220;{}&#8220;]<\/p>\n<h3>Desinfektionst\u00fccher<\/h3>\n<p>Spenderdose mit 120 T\u00fcchern, 13&#215;20 cm Biozide sicher verwenden. vor Gebrauch stets Kennzeichnung und Produktinformationen lesen. F\u00fcr Kunstleder geeignet.<\/p>\n<p><a href=\"https:\/\/sage-shop.com\/epages\/OlafRichterShop.sf\/de_DE\/?ObjectPath=\/Shops\/OlafRichterShop\/Products\/00608251\" target=\"_blank\" rel=\"noopener noreferrer\" title=\"Cosimed Desinfektionst\u00fccher\">Cosimed Desinfektionst\u00fccher<\/a><\/p>\n<p>[\/et_pb_text][et_pb_text _builder_version=&#8220;4.16&#8243; _module_preset=&#8220;default&#8220; global_colors_info=&#8220;{}&#8220;]<\/p>\n<h3>Desinfektionst\u00fccher Nachf\u00fcllpack<\/h3>\n<p>120 T\u00fccher 13x 20 cm f\u00fcr Spenderdose<\/p>\n<p><a href=\"https:\/\/sage-shop.com\/epages\/OlafRichterShop.sf\/de_DE\/?ObjectPath=\/Shops\/OlafRichterShop\/Products\/%2200608272%20%20%22\" target=\"_blank\" rel=\"noopener noreferrer\" title=\"Desinfektionst\u00fccher Nachf\u00fcllpack\">Desinfektionst\u00fccher Nachf\u00fcllpack<\/a><\/p>\n<p>[\/et_pb_text][\/et_pb_column][\/et_pb_row][et_pb_row disabled_on=&#8220;on|on|on&#8220; _builder_version=&#8220;4.16&#8243; _module_preset=&#8220;default&#8220; disabled=&#8220;on&#8220; global_colors_info=&#8220;{}&#8220;][et_pb_column type=&#8220;4_4&#8243; _builder_version=&#8220;4.16&#8243; _module_preset=&#8220;default&#8220; global_colors_info=&#8220;{}&#8220;][et_pb_code disabled_on=&#8220;on|on|on&#8220; admin_label=&#8220;Linie&#8220; _builder_version=&#8220;4.16&#8243; custom_css_main_element=&#8220; border:none;|| border-top:4px dotted #00007e;|| color:#fff;|| background-color:#fff;|| height:4px;|| width:100%;&#8220; disabled=&#8220;on&#8220; saved_tabs=&#8220;all&#8220; global_colors_info=&#8220;{}&#8220;][\/et_pb_code][et_pb_text _builder_version=&#8220;4.16&#8243; _module_preset=&#8220;default&#8220; global_colors_info=&#8220;{}&#8220;]<\/p>\n<h2>Masken<\/h2>\n<p>Sch\u00fctzen Sie Ihre Mitarbeiter und Patienten vor dem COVID-19-Virus. Unsere Masken haben eine medizinische Zulassung und entsprechen der DIN-Norm. Weiterf\u00fchrende Informationen finden Sie in unserem Online Shop oder auf den Seiten der Hersteller.<\/p>\n<p>[\/et_pb_text][\/et_pb_column][\/et_pb_row][et_pb_row column_structure=&#8220;1_3,1_3,1_3&#8243; disabled_on=&#8220;on|on|on&#8220; _builder_version=&#8220;4.16&#8243; _module_preset=&#8220;default&#8220; disabled=&#8220;on&#8220; global_colors_info=&#8220;{}&#8220;][et_pb_column type=&#8220;1_3&#8243; _builder_version=&#8220;4.16&#8243; _module_preset=&#8220;default&#8220; global_colors_info=&#8220;{}&#8220;][et_pb_image src=&#8220;https:\/\/www.olafrichter.de\/wp-content\/uploads\/2021\/08\/OP-Masken-50er.jpg&#8220; alt=&#8220;OP Masken 50er Packung &#8220; title_text=&#8220;OP Masken 50er&#8220; _builder_version=&#8220;4.16&#8243; _module_preset=&#8220;default&#8220; global_colors_info=&#8220;{}&#8220;][\/et_pb_image][\/et_pb_column][et_pb_column type=&#8220;1_3&#8243; _builder_version=&#8220;4.16&#8243; _module_preset=&#8220;default&#8220; global_colors_info=&#8220;{}&#8220;][et_pb_image src=&#8220;https:\/\/www.olafrichter.de\/wp-content\/uploads\/2021\/08\/FFP-2-Masken-Corona-Schutz-10-Packung.jpg&#8220; alt=&#8220;FFP 2 Masken Corona Schutz 10 Packung&#8220; title_text=&#8220;FFP 2 Masken Corona Schutz 10 Packung&#8220; _builder_version=&#8220;4.16&#8243; _module_preset=&#8220;default&#8220; global_colors_info=&#8220;{}&#8220;][\/et_pb_image][\/et_pb_column][et_pb_column type=&#8220;1_3&#8243; _builder_version=&#8220;4.16&#8243; _module_preset=&#8220;default&#8220; global_colors_info=&#8220;{}&#8220;][et_pb_image src=&#8220;https:\/\/www.olafrichter.de\/wp-content\/uploads\/2021\/08\/Gesichtsschutz-Visor-PF-01-1.png&#8220; alt=&#8220;Gesichtsschutz Visor PF-01&#8243; title_text=&#8220;Gesichtsschutz Visor PF-01&#8243; _builder_version=&#8220;4.16&#8243; _module_preset=&#8220;default&#8220; global_colors_info=&#8220;{}&#8220;][\/et_pb_image][\/et_pb_column][\/et_pb_row][et_pb_row column_structure=&#8220;1_3,1_3,1_3&#8243; disabled_on=&#8220;on|on|on&#8220; _builder_version=&#8220;4.16&#8243; _module_preset=&#8220;default&#8220; disabled=&#8220;on&#8220; global_colors_info=&#8220;{}&#8220;][et_pb_column type=&#8220;1_3&#8243; _builder_version=&#8220;4.16&#8243; _module_preset=&#8220;default&#8220; global_colors_info=&#8220;{}&#8220;][et_pb_text _builder_version=&#8220;4.16&#8243; _module_preset=&#8220;default&#8220; global_colors_info=&#8220;{}&#8220;]<\/p>\n<h3>Op -Masken<\/h3>\n<p>3-lagig, mit integrierter Nasenbr\u00fccke 50 St\u00fcck- Packung<\/p>\n<p>Zu unserem Shop:<\/p>\n<p><a href=\"https:\/\/sage-shop.com\/epages\/OlafRichterShop.sf\/de_DE\/?ObjectPath=\/Shops\/OlafRichterShop\/Products\/75900111\" target=\"_blank\" rel=\"noopener noreferrer\" title=\"OP-Masken 3-lagig\">OP-Masken 3-lagig<\/a><\/p>\n<p>[\/et_pb_text][\/et_pb_column][et_pb_column type=&#8220;1_3&#8243; _builder_version=&#8220;4.16&#8243; _module_preset=&#8220;default&#8220; global_colors_info=&#8220;{}&#8220;][et_pb_text _builder_version=&#8220;4.16&#8243; _module_preset=&#8220;default&#8220; global_colors_info=&#8220;{}&#8220;]<\/p>\n<h3>FFP2 Atemschutzmaske<\/h3>\n<p>FFP\/KN95, Einweg, ohne Ventil 10 St\u00fcck-Packung<\/p>\n<p>Zu unserem Shop:<\/p>\n<p><a href=\"https:\/\/sage-shop.com\/epages\/OlafRichterShop.sf\/de_DE\/?ObjectPath=\/Shops\/OlafRichterShop\/Products\/75990901\" target=\"_blank\" rel=\"noopener noreferrer\" title=\"FFP 2 Masken\">FFP 2 Masken<\/a><\/p>\n<p>[\/et_pb_text][\/et_pb_column][et_pb_column type=&#8220;1_3&#8243; _builder_version=&#8220;4.16&#8243; _module_preset=&#8220;default&#8220; global_colors_info=&#8220;{}&#8220;][et_pb_text _builder_version=&#8220;4.16&#8243; _module_preset=&#8220;default&#8220; global_colors_info=&#8220;{}&#8220;]<\/p>\n<h3>PF-01 Gesichtsschutz Visor<\/h3>\n<p>Visier mit flexiblem Gummiband 1 St\u00fcck<\/p>\n<p>[\/et_pb_text][\/et_pb_column][\/et_pb_row][et_pb_row disabled_on=&#8220;on|on|on&#8220; _builder_version=&#8220;4.16&#8243; _module_preset=&#8220;default&#8220; disabled=&#8220;on&#8220; global_colors_info=&#8220;{}&#8220;][et_pb_column type=&#8220;4_4&#8243; _builder_version=&#8220;4.16&#8243; _module_preset=&#8220;default&#8220; global_colors_info=&#8220;{}&#8220;][et_pb_code admin_label=&#8220;Linie&#8220; _builder_version=&#8220;4.16&#8243; custom_css_main_element=&#8220; border:none;|| border-top:4px dotted #00007e;|| color:#fff;|| background-color:#fff;|| height:4px;|| width:100%;&#8220; saved_tabs=&#8220;all&#8220; global_colors_info=&#8220;{}&#8220;][\/et_pb_code][\/et_pb_column][\/et_pb_row][et_pb_row column_structure=&#8220;1_3,1_3,1_3&#8243; disabled_on=&#8220;on|on|on&#8220; _builder_version=&#8220;4.16&#8243; _module_preset=&#8220;default&#8220; disabled=&#8220;on&#8220; global_colors_info=&#8220;{}&#8220;][et_pb_column type=&#8220;1_3&#8243; _builder_version=&#8220;4.16&#8243; _module_preset=&#8220;default&#8220; global_colors_info=&#8220;{}&#8220;][et_pb_image src=&#8220;https:\/\/www.olafrichter.de\/wp-content\/uploads\/2021\/08\/Edelstahl-Spendersaeule.png&#8220; alt=&#8220;Edelstahl Spenders\u00e4ule&#8220; title_text=&#8220;Edelstahl Spenders\u00e4ule&#8220; _builder_version=&#8220;4.16&#8243; _module_preset=&#8220;default&#8220; global_colors_info=&#8220;{}&#8220;][\/et_pb_image][\/et_pb_column][et_pb_column type=&#8220;1_3&#8243; _builder_version=&#8220;4.16&#8243; _module_preset=&#8220;default&#8220; global_colors_info=&#8220;{}&#8220;][et_pb_image src=&#8220;https:\/\/www.olafrichter.de\/wp-content\/uploads\/2021\/08\/Desinfektionsspender.png&#8220; alt=&#8220;Desinfektionsspender&#8220; title_text=&#8220;Desinfektionsspender&#8220; _builder_version=&#8220;4.16&#8243; _module_preset=&#8220;default&#8220; global_colors_info=&#8220;{}&#8220;][\/et_pb_image][\/et_pb_column][et_pb_column type=&#8220;1_3&#8243; _builder_version=&#8220;4.16&#8243; _module_preset=&#8220;default&#8220; global_colors_info=&#8220;{}&#8220;][et_pb_image src=&#8220;https:\/\/www.olafrichter.de\/wp-content\/uploads\/2021\/08\/Abtropfschale.png&#8220; alt=&#8220;Abtropfschale f\u00fcr Desinfektionsspender&#8220; title_text=&#8220;Abtropfschale&#8220; _builder_version=&#8220;4.16&#8243; _module_preset=&#8220;default&#8220; global_colors_info=&#8220;{}&#8220;][\/et_pb_image][\/et_pb_column][\/et_pb_row][et_pb_row column_structure=&#8220;1_3,1_3,1_3&#8243; disabled_on=&#8220;on|on|on&#8220; _builder_version=&#8220;4.16&#8243; _module_preset=&#8220;default&#8220; disabled=&#8220;on&#8220; global_colors_info=&#8220;{}&#8220;][et_pb_column type=&#8220;1_3&#8243; _builder_version=&#8220;4.16&#8243; _module_preset=&#8220;default&#8220; global_colors_info=&#8220;{}&#8220;][et_pb_text _builder_version=&#8220;4.16&#8243; _module_preset=&#8220;default&#8220; global_colors_info=&#8220;{}&#8220;]<\/p>\n<h2>Edelstahl Spenders\u00e4ule<\/h2>\n<p>Edelstahls\u00e4ule zur Anbringung von Desinfektionsmittelspendern.<\/p>\n<p>Gewicht 7,35 Kg<\/p>\n<p>300 x 400 x 1170 mm<\/p>\n<p>&nbsp;<\/p>\n<p>[\/et_pb_text][\/et_pb_column][et_pb_column type=&#8220;1_3&#8243; _builder_version=&#8220;4.16&#8243; _module_preset=&#8220;default&#8220; global_colors_info=&#8220;{}&#8220;][et_pb_text _builder_version=&#8220;4.16&#8243; _module_preset=&#8220;default&#8220; global_colors_info=&#8220;{}&#8220;]<\/p>\n<h2>Desinfektionsspender<\/h2>\n<p>kartuschenloses Pupmsystem mit Ellenbogenbedienung<\/p>\n<p>95 x 225 x 310 mm<\/p>\n<p>Zu unserem Shop:<\/p>\n<p><a href=\"https:\/\/sage-shop.com\/epages\/OlafRichterShop.sf\/de_DE\/?ObjectPath=\/Shops\/OlafRichterShop\/Products\/78950019\" target=\"_blank\" rel=\"noopener noreferrer\" title=\"Desinfektionsspender\">Desinfektionsspender<\/a><\/p>\n<p>[\/et_pb_text][\/et_pb_column][et_pb_column type=&#8220;1_3&#8243; _builder_version=&#8220;4.16&#8243; _module_preset=&#8220;default&#8220; global_colors_info=&#8220;{}&#8220;][et_pb_text _builder_version=&#8220;4.16&#8243; _module_preset=&#8220;default&#8220; global_colors_info=&#8220;{}&#8220;]<\/p>\n<h2>Abtropfschale<\/h2>\n<p>Auffangbeh\u00e4lter sp\u00fclmaschinengeeignet.<\/p>\n<p>Ma\u00dfe der Abtropfschale:<\/p>\n<p>147 x 285 x 377 mm<\/p>\n<p>Zu unserem Shop:<\/p>\n<p><a href=\"https:\/\/sage-shop.com\/epages\/OlafRichterShop.sf\/de_DE\/?ObjectPath=\/Shops\/OlafRichterShop\/Products\/78950018\" target=\"_blank\" rel=\"noopener noreferrer\" title=\"Abtropfschale\">Abtropfschale<\/a><\/p>\n<p>&nbsp;<\/p>\n<p>[\/et_pb_text][\/et_pb_column][\/et_pb_row][et_pb_row disabled_on=&#8220;on|on|on&#8220; _builder_version=&#8220;4.16&#8243; _module_preset=&#8220;default&#8220; disabled=&#8220;on&#8220; global_colors_info=&#8220;{}&#8220;][et_pb_column type=&#8220;4_4&#8243; _builder_version=&#8220;4.16&#8243; _module_preset=&#8220;default&#8220; global_colors_info=&#8220;{}&#8220;][et_pb_code admin_label=&#8220;Linie&#8220; _builder_version=&#8220;4.16&#8243; custom_css_main_element=&#8220; border:none;|| border-top:4px dotted #00007e;|| color:#fff;|| background-color:#fff;|| height:4px;|| width:100%;&#8220; saved_tabs=&#8220;all&#8220; global_colors_info=&#8220;{}&#8220;][\/et_pb_code][\/et_pb_column][\/et_pb_row][et_pb_row column_structure=&#8220;1_2,1_2&#8243; disabled_on=&#8220;on|on|on&#8220; _builder_version=&#8220;4.16&#8243; _module_preset=&#8220;default&#8220; disabled=&#8220;on&#8220; global_colors_info=&#8220;{}&#8220;][et_pb_column type=&#8220;1_2&#8243; _builder_version=&#8220;4.16&#8243; _module_preset=&#8220;default&#8220; global_colors_info=&#8220;{}&#8220;][et_pb_image src=&#8220;https:\/\/www.olafrichter.de\/wp-content\/uploads\/2021\/08\/Spuckschutzscheiben-Corona-Schutzmassnahme.png&#8220; alt=&#8220;Spuckschutzscheiben Corona Schutzma\u00dfnahme&#8220; title_text=&#8220;Spuckschutzscheiben Corona Schutzma\u00dfnahme&#8220; _builder_version=&#8220;4.16&#8243; _module_preset=&#8220;default&#8220; global_colors_info=&#8220;{}&#8220;][\/et_pb_image][\/et_pb_column][et_pb_column type=&#8220;1_2&#8243; _builder_version=&#8220;4.16&#8243; _module_preset=&#8220;default&#8220; global_colors_info=&#8220;{}&#8220;][et_pb_text _builder_version=&#8220;4.16&#8243; _module_preset=&#8220;default&#8220; global_colors_info=&#8220;{}&#8220;]<\/p>\n<h3>Spuckschutzscheiben<\/h3>\n<p>werden aus stabilem transparenten Plexiglas gefertigtund Sch\u00fctzen zus\u00e4tzlich vor einer Infektion. Die verschiedenen Modelle lassen sich Problemlos auf dem tresen positionieren.<\/p>\n<p>[\/et_pb_text][\/et_pb_column][\/et_pb_row][et_pb_row disabled_on=&#8220;on|on|on&#8220; _builder_version=&#8220;4.16&#8243; _module_preset=&#8220;default&#8220; disabled=&#8220;on&#8220; global_colors_info=&#8220;{}&#8220;][et_pb_column type=&#8220;4_4&#8243; _builder_version=&#8220;4.16&#8243; _module_preset=&#8220;default&#8220; global_colors_info=&#8220;{}&#8220;][et_pb_image src=&#8220;https:\/\/www.olafrichter.de\/wp-content\/uploads\/2021\/08\/Spuckschutzscheiben.png&#8220; alt=&#8220;Spuckschutzscheiben&#8220; title_text=&#8220;Spuckschutzscheiben&#8220; _builder_version=&#8220;4.16&#8243; _module_preset=&#8220;default&#8220; global_colors_info=&#8220;{}&#8220;][\/et_pb_image][\/et_pb_column][\/et_pb_row][et_pb_row column_structure=&#8220;1_3,1_3,1_3&#8243; disabled_on=&#8220;on|on|on&#8220; _builder_version=&#8220;4.16&#8243; _module_preset=&#8220;default&#8220; disabled=&#8220;on&#8220; global_colors_info=&#8220;{}&#8220;][et_pb_column type=&#8220;1_3&#8243; _builder_version=&#8220;4.16&#8243; _module_preset=&#8220;default&#8220; global_colors_info=&#8220;{}&#8220;][et_pb_text _builder_version=&#8220;4.16&#8243; _module_preset=&#8220;default&#8220; global_colors_info=&#8220;{}&#8220;]<\/p>\n<h3>Spuckschutzscheibe zum Aufstellen<\/h3>\n<p>750 x 4 x 650 mm:<\/p>\n<p>1000 x 4x 650 mm:<\/p>\n<p>[\/et_pb_text][\/et_pb_column][et_pb_column type=&#8220;1_3&#8243; _builder_version=&#8220;4.16&#8243; _module_preset=&#8220;default&#8220; global_colors_info=&#8220;{}&#8220;][et_pb_text _builder_version=&#8220;4.16&#8243; _module_preset=&#8220;default&#8220; global_colors_info=&#8220;{}&#8220;]<\/p>\n<h3>Spuckschutzscheibe mit Dekor-Fu\u00dfplatte<\/h3>\n<p>750 x 4 x 650 mm:<\/p>\n<p>1000 x 4 x 650 mm:<\/p>\n<p>[\/et_pb_text][\/et_pb_column][et_pb_column type=&#8220;1_3&#8243; _builder_version=&#8220;4.16&#8243; _module_preset=&#8220;default&#8220; global_colors_info=&#8220;{}&#8220;][et_pb_text _builder_version=&#8220;4.16&#8243; _module_preset=&#8220;default&#8220; global_colors_info=&#8220;{}&#8220;]<\/p>\n<h3>Spuckschutzscheibe mit Tischklemme<\/h3>\n<p>750 x 4 x 650 mm:<\/p>\n<p>1000 x 4 x 650 mm:<\/p>\n<p>[\/et_pb_text][\/et_pb_column][\/et_pb_row][et_pb_row disabled_on=&#8220;off|off|off&#8220; _builder_version=&#8220;4.16&#8243; _module_preset=&#8220;default&#8220; global_colors_info=&#8220;{}&#8220;][et_pb_column type=&#8220;4_4&#8243; _builder_version=&#8220;4.16&#8243; _module_preset=&#8220;default&#8220; global_colors_info=&#8220;{}&#8220;][et_pb_code admin_label=&#8220;Linie&#8220; _builder_version=&#8220;4.16&#8243; custom_css_main_element=&#8220; border:none;|| border-top:4px dotted #00007e;|| color:#fff;|| background-color:#fff;|| height:4px;|| width:100%;&#8220; saved_tabs=&#8220;all&#8220; global_colors_info=&#8220;{}&#8220;][\/et_pb_code][et_pb_text admin_label=&#8220;\u00dcberschrift Desinfektionsmittel&#8220; _builder_version=&#8220;4.17.3&#8243; vertical_offset_tablet=&#8220;0&#8243; horizontal_offset_tablet=&#8220;0&#8243; z_index_tablet=&#8220;0&#8243; text_text_shadow_horizontal_length_tablet=&#8220;0px&#8220; text_text_shadow_vertical_length_tablet=&#8220;0px&#8220; text_text_shadow_blur_strength_tablet=&#8220;1px&#8220; link_text_shadow_horizontal_length_tablet=&#8220;0px&#8220; link_text_shadow_vertical_length_tablet=&#8220;0px&#8220; link_text_shadow_blur_strength_tablet=&#8220;1px&#8220; ul_text_shadow_horizontal_length_tablet=&#8220;0px&#8220; ul_text_shadow_vertical_length_tablet=&#8220;0px&#8220; ul_text_shadow_blur_strength_tablet=&#8220;1px&#8220; ol_text_shadow_horizontal_length_tablet=&#8220;0px&#8220; ol_text_shadow_vertical_length_tablet=&#8220;0px&#8220; ol_text_shadow_blur_strength_tablet=&#8220;1px&#8220; quote_text_shadow_horizontal_length_tablet=&#8220;0px&#8220; quote_text_shadow_vertical_length_tablet=&#8220;0px&#8220; quote_text_shadow_blur_strength_tablet=&#8220;1px&#8220; header_text_shadow_horizontal_length_tablet=&#8220;0px&#8220; header_text_shadow_vertical_length_tablet=&#8220;0px&#8220; header_text_shadow_blur_strength_tablet=&#8220;1px&#8220; header_2_text_shadow_horizontal_length_tablet=&#8220;0px&#8220; header_2_text_shadow_vertical_length_tablet=&#8220;0px&#8220; header_2_text_shadow_blur_strength_tablet=&#8220;1px&#8220; header_3_text_shadow_horizontal_length_tablet=&#8220;0px&#8220; header_3_text_shadow_vertical_length_tablet=&#8220;0px&#8220; header_3_text_shadow_blur_strength_tablet=&#8220;1px&#8220; header_4_text_shadow_horizontal_length_tablet=&#8220;0px&#8220; header_4_text_shadow_vertical_length_tablet=&#8220;0px&#8220; header_4_text_shadow_blur_strength_tablet=&#8220;1px&#8220; header_5_text_shadow_horizontal_length_tablet=&#8220;0px&#8220; header_5_text_shadow_vertical_length_tablet=&#8220;0px&#8220; header_5_text_shadow_blur_strength_tablet=&#8220;1px&#8220; header_6_text_shadow_horizontal_length_tablet=&#8220;0px&#8220; header_6_text_shadow_vertical_length_tablet=&#8220;0px&#8220; header_6_text_shadow_blur_strength_tablet=&#8220;1px&#8220; box_shadow_horizontal_tablet=&#8220;0px&#8220; box_shadow_vertical_tablet=&#8220;0px&#8220; box_shadow_blur_tablet=&#8220;40px&#8220; box_shadow_spread_tablet=&#8220;0px&#8220; global_colors_info=&#8220;{}&#8220;]<\/p>\n<h2>Wichtige Hinweise zu Desinfektionsmitteln.<\/h2>\n<p>F\u00fcr den richtigen Umgang mit unseren Desinfektionsmitteln, stellen wir Ihnen hier Informationsmaterial zur Verf\u00fcgung.<\/p>\n<p>[\/et_pb_text][et_pb_blurb _builder_version=&#8220;4.16&#8243; _module_preset=&#8220;default&#8220; global_colors_info=&#8220;{}&#8220;][\/et_pb_blurb][\/et_pb_column][\/et_pb_row][et_pb_row _builder_version=&#8220;4.16&#8243; background_size=&#8220;initial&#8220; background_position=&#8220;top_left&#8220; background_repeat=&#8220;repeat&#8220; global_colors_info=&#8220;{}&#8220;][et_pb_column type=&#8220;4_4&#8243; _builder_version=&#8220;4.16&#8243; custom_padding=&#8220;|||&#8220; global_colors_info=&#8220;{}&#8220; custom_padding__hover=&#8220;|||&#8220;][et_pb_text _builder_version=&#8220;4.16&#8243; vertical_offset_tablet=&#8220;0&#8243; horizontal_offset_tablet=&#8220;0&#8243; z_index_tablet=&#8220;0&#8243; text_text_shadow_horizontal_length_tablet=&#8220;0px&#8220; text_text_shadow_vertical_length_tablet=&#8220;0px&#8220; text_text_shadow_blur_strength_tablet=&#8220;1px&#8220; link_text_shadow_horizontal_length_tablet=&#8220;0px&#8220; link_text_shadow_vertical_length_tablet=&#8220;0px&#8220; link_text_shadow_blur_strength_tablet=&#8220;1px&#8220; ul_text_shadow_horizontal_length_tablet=&#8220;0px&#8220; ul_text_shadow_vertical_length_tablet=&#8220;0px&#8220; ul_text_shadow_blur_strength_tablet=&#8220;1px&#8220; ol_text_shadow_horizontal_length_tablet=&#8220;0px&#8220; ol_text_shadow_vertical_length_tablet=&#8220;0px&#8220; ol_text_shadow_blur_strength_tablet=&#8220;1px&#8220; quote_text_shadow_horizontal_length_tablet=&#8220;0px&#8220; quote_text_shadow_vertical_length_tablet=&#8220;0px&#8220; quote_text_shadow_blur_strength_tablet=&#8220;1px&#8220; header_text_shadow_horizontal_length_tablet=&#8220;0px&#8220; header_text_shadow_vertical_length_tablet=&#8220;0px&#8220; header_text_shadow_blur_strength_tablet=&#8220;1px&#8220; header_2_text_shadow_horizontal_length_tablet=&#8220;0px&#8220; header_2_text_shadow_vertical_length_tablet=&#8220;0px&#8220; header_2_text_shadow_blur_strength_tablet=&#8220;1px&#8220; header_3_text_shadow_horizontal_length_tablet=&#8220;0px&#8220; header_3_text_shadow_vertical_length_tablet=&#8220;0px&#8220; header_3_text_shadow_blur_strength_tablet=&#8220;1px&#8220; header_4_text_shadow_horizontal_length_tablet=&#8220;0px&#8220; header_4_text_shadow_vertical_length_tablet=&#8220;0px&#8220; header_4_text_shadow_blur_strength_tablet=&#8220;1px&#8220; header_5_text_shadow_horizontal_length_tablet=&#8220;0px&#8220; header_5_text_shadow_vertical_length_tablet=&#8220;0px&#8220; header_5_text_shadow_blur_strength_tablet=&#8220;1px&#8220; header_6_text_shadow_horizontal_length_tablet=&#8220;0px&#8220; header_6_text_shadow_vertical_length_tablet=&#8220;0px&#8220; header_6_text_shadow_blur_strength_tablet=&#8220;1px&#8220; box_shadow_horizontal_tablet=&#8220;0px&#8220; box_shadow_vertical_tablet=&#8220;0px&#8220; box_shadow_blur_tablet=&#8220;40px&#8220; box_shadow_spread_tablet=&#8220;0px&#8220; global_colors_info=&#8220;{}&#8220;]<\/p>\n<p>Die folgenden Angaben beziehen sich auf das <strong>Desinfektionsmittelkonzentrat von cosimed!<\/strong><br \/>Um <strong>kleinere Konzentrationen<\/strong> von Desinfektionsl\u00f6sungen herzustellen, richten Sie sich bitte nach dieser Tabelle:<br \/><a href=\"https:\/\/www.olafrichter.de\/wp-content\/uploads\/2020\/03\/Verduennungstabelle.pdf\" target=\"_blank\" rel=\"noopener noreferrer\">Verd\u00fcnnungstabelle<\/a><\/p>\n<p>Bitte beachten Sie den <strong>Hygieneplan<\/strong> bei der Anwendung:<br \/><a href=\"https:\/\/www.olafrichter.de\/wp-content\/uploads\/2020\/04\/HygPlan.pdf\" target=\"_blank\" rel=\"noopener noreferrer\">Hygiene-Plan<\/a><\/p>\n<p>[\/et_pb_text][\/et_pb_column][\/et_pb_row][et_pb_row column_structure=&#8220;1_2,1_2&#8243; _builder_version=&#8220;4.16&#8243; background_size=&#8220;initial&#8220; background_position=&#8220;top_left&#8220; background_repeat=&#8220;repeat&#8220; global_colors_info=&#8220;{}&#8220;][et_pb_column type=&#8220;1_2&#8243; _builder_version=&#8220;4.16&#8243; custom_padding=&#8220;|||&#8220; global_colors_info=&#8220;{}&#8220; custom_padding__hover=&#8220;|||&#8220;][et_pb_text _builder_version=&#8220;4.16&#8243; vertical_offset_tablet=&#8220;0&#8243; horizontal_offset_tablet=&#8220;0&#8243; z_index_tablet=&#8220;0&#8243; text_text_shadow_horizontal_length_tablet=&#8220;0px&#8220; text_text_shadow_vertical_length_tablet=&#8220;0px&#8220; text_text_shadow_blur_strength_tablet=&#8220;1px&#8220; link_text_shadow_horizontal_length_tablet=&#8220;0px&#8220; link_text_shadow_vertical_length_tablet=&#8220;0px&#8220; link_text_shadow_blur_strength_tablet=&#8220;1px&#8220; ul_text_shadow_horizontal_length_tablet=&#8220;0px&#8220; ul_text_shadow_vertical_length_tablet=&#8220;0px&#8220; ul_text_shadow_blur_strength_tablet=&#8220;1px&#8220; ol_text_shadow_horizontal_length_tablet=&#8220;0px&#8220; ol_text_shadow_vertical_length_tablet=&#8220;0px&#8220; ol_text_shadow_blur_strength_tablet=&#8220;1px&#8220; quote_text_shadow_horizontal_length_tablet=&#8220;0px&#8220; quote_text_shadow_vertical_length_tablet=&#8220;0px&#8220; quote_text_shadow_blur_strength_tablet=&#8220;1px&#8220; header_text_shadow_horizontal_length_tablet=&#8220;0px&#8220; header_text_shadow_vertical_length_tablet=&#8220;0px&#8220; header_text_shadow_blur_strength_tablet=&#8220;1px&#8220; header_2_text_shadow_horizontal_length_tablet=&#8220;0px&#8220; header_2_text_shadow_vertical_length_tablet=&#8220;0px&#8220; header_2_text_shadow_blur_strength_tablet=&#8220;1px&#8220; header_3_text_shadow_horizontal_length_tablet=&#8220;0px&#8220; header_3_text_shadow_vertical_length_tablet=&#8220;0px&#8220; header_3_text_shadow_blur_strength_tablet=&#8220;1px&#8220; header_4_text_shadow_horizontal_length_tablet=&#8220;0px&#8220; header_4_text_shadow_vertical_length_tablet=&#8220;0px&#8220; header_4_text_shadow_blur_strength_tablet=&#8220;1px&#8220; header_5_text_shadow_horizontal_length_tablet=&#8220;0px&#8220; header_5_text_shadow_vertical_length_tablet=&#8220;0px&#8220; header_5_text_shadow_blur_strength_tablet=&#8220;1px&#8220; header_6_text_shadow_horizontal_length_tablet=&#8220;0px&#8220; header_6_text_shadow_vertical_length_tablet=&#8220;0px&#8220; header_6_text_shadow_blur_strength_tablet=&#8220;1px&#8220; box_shadow_horizontal_tablet=&#8220;0px&#8220; box_shadow_vertical_tablet=&#8220;0px&#8220; box_shadow_blur_tablet=&#8220;40px&#8220; box_shadow_spread_tablet=&#8220;0px&#8220; global_colors_info=&#8220;{}&#8220;]<\/p>\n<h3>Cosimed<\/h3>\n<p>[\/et_pb_text][\/et_pb_column][et_pb_column type=&#8220;1_2&#8243; _builder_version=&#8220;4.16&#8243; custom_padding=&#8220;|||&#8220; global_colors_info=&#8220;{}&#8220; custom_padding__hover=&#8220;|||&#8220;][et_pb_text _builder_version=&#8220;4.16&#8243; vertical_offset_tablet=&#8220;0&#8243; horizontal_offset_tablet=&#8220;0&#8243; z_index_tablet=&#8220;0&#8243; text_text_shadow_horizontal_length_tablet=&#8220;0px&#8220; text_text_shadow_vertical_length_tablet=&#8220;0px&#8220; text_text_shadow_blur_strength_tablet=&#8220;1px&#8220; link_text_shadow_horizontal_length_tablet=&#8220;0px&#8220; link_text_shadow_vertical_length_tablet=&#8220;0px&#8220; link_text_shadow_blur_strength_tablet=&#8220;1px&#8220; ul_text_shadow_horizontal_length_tablet=&#8220;0px&#8220; ul_text_shadow_vertical_length_tablet=&#8220;0px&#8220; ul_text_shadow_blur_strength_tablet=&#8220;1px&#8220; ol_text_shadow_horizontal_length_tablet=&#8220;0px&#8220; ol_text_shadow_vertical_length_tablet=&#8220;0px&#8220; ol_text_shadow_blur_strength_tablet=&#8220;1px&#8220; quote_text_shadow_horizontal_length_tablet=&#8220;0px&#8220; quote_text_shadow_vertical_length_tablet=&#8220;0px&#8220; quote_text_shadow_blur_strength_tablet=&#8220;1px&#8220; header_text_shadow_horizontal_length_tablet=&#8220;0px&#8220; header_text_shadow_vertical_length_tablet=&#8220;0px&#8220; header_text_shadow_blur_strength_tablet=&#8220;1px&#8220; header_2_text_shadow_horizontal_length_tablet=&#8220;0px&#8220; header_2_text_shadow_vertical_length_tablet=&#8220;0px&#8220; header_2_text_shadow_blur_strength_tablet=&#8220;1px&#8220; header_3_text_shadow_horizontal_length_tablet=&#8220;0px&#8220; header_3_text_shadow_vertical_length_tablet=&#8220;0px&#8220; header_3_text_shadow_blur_strength_tablet=&#8220;1px&#8220; header_4_text_shadow_horizontal_length_tablet=&#8220;0px&#8220; header_4_text_shadow_vertical_length_tablet=&#8220;0px&#8220; header_4_text_shadow_blur_strength_tablet=&#8220;1px&#8220; header_5_text_shadow_horizontal_length_tablet=&#8220;0px&#8220; header_5_text_shadow_vertical_length_tablet=&#8220;0px&#8220; header_5_text_shadow_blur_strength_tablet=&#8220;1px&#8220; header_6_text_shadow_horizontal_length_tablet=&#8220;0px&#8220; header_6_text_shadow_vertical_length_tablet=&#8220;0px&#8220; header_6_text_shadow_blur_strength_tablet=&#8220;1px&#8220; box_shadow_horizontal_tablet=&#8220;0px&#8220; box_shadow_vertical_tablet=&#8220;0px&#8220; box_shadow_blur_tablet=&#8220;40px&#8220; box_shadow_spread_tablet=&#8220;0px&#8220; global_colors_info=&#8220;{}&#8220;]<\/p>\n<p>\n<a href=\"https:\/\/www.olafrichter.de\/wp-content\/uploads\/2020\/03\/SDB-cosiMed-Schnelldesinfektion.pdf\">SDB cosiMed Schnelldesinfektion<\/a><br \/><a href=\"https:\/\/www.olafrichter.de\/wp-content\/uploads\/2020\/03\/SDB-cosiMed-Desinfektionst\u00fccher.pdf\">SDB cosiMed Desinfektionst\u00fccher<\/a><br \/><a href=\"https:\/\/www.olafrichter.de\/wp-content\/uploads\/2020\/03\/SDB-cosiMed-Desinfektionsmittel-Konzentrat.pdf\">SDB cosiMed Desinfektionsmittel Konzentrat<\/a><\/p>\n<p>[\/et_pb_text][\/et_pb_column][\/et_pb_row][\/et_pb_section]<\/p>\n","protected":false},"excerpt":{"rendered":"<p>Wir geben uns ein neues Design 30 Jahre nach unserer Gr\u00fcndung 1988, steht unsere oben pr\u00e4sentierte neue Marke f\u00fcr den Wandel unseres Unternehmens. Mit etwas Wehmut, aber auch mit Stolz, verabschieden wir uns von der alten Marke: Das alte Logo weist noch auf die Einrichtungsplanung in der Zeit vor der Einf\u00fchrung der \u201ePersonal Computer\u201c hin: [&hellip;]<\/p>\n","protected":false},"author":1,"featured_media":1451,"parent":379,"menu_order":0,"comment_status":"closed","ping_status":"closed","template":"","meta":{"_et_pb_use_builder":"on","_et_pb_old_content":"","_et_gb_content_width":"","footnotes":""},"class_list":["post-40","page","type-page","status-publish","has-post-thumbnail","hentry"],"_links":{"self":[{"href":"https:\/\/www.olafrichter.de\/index.php?rest_route=\/wp\/v2\/pages\/40","targetHints":{"allow":["GET"]}}],"collection":[{"href":"https:\/\/www.olafrichter.de\/index.php?rest_route=\/wp\/v2\/pages"}],"about":[{"href":"https:\/\/www.olafrichter.de\/index.php?rest_route=\/wp\/v2\/types\/page"}],"author":[{"embeddable":true,"href":"https:\/\/www.olafrichter.de\/index.php?rest_route=\/wp\/v2\/users\/1"}],"replies":[{"embeddable":true,"href":"https:\/\/www.olafrichter.de\/index.php?rest_route=%2Fwp%2Fv2%2Fcomments&post=40"}],"version-history":[{"count":232,"href":"https:\/\/www.olafrichter.de\/index.php?rest_route=\/wp\/v2\/pages\/40\/revisions"}],"predecessor-version":[{"id":1845,"href":"https:\/\/www.olafrichter.de\/index.php?rest_route=\/wp\/v2\/pages\/40\/revisions\/1845"}],"up":[{"embeddable":true,"href":"https:\/\/www.olafrichter.de\/index.php?rest_route=\/wp\/v2\/pages\/379"}],"wp:featuredmedia":[{"embeddable":true,"href":"https:\/\/www.olafrichter.de\/index.php?rest_route=\/wp\/v2\/media\/1451"}],"wp:attachment":[{"href":"https:\/\/www.olafrichter.de\/index.php?rest_route=%2Fwp%2Fv2%2Fmedia&parent=40"}],"curies":[{"name":"wp","href":"https:\/\/api.w.org\/{rel}","templated":true}]}}